{"id":7,"date":"2010-03-22T10:28:44","date_gmt":"2010-03-22T08:28:44","guid":{"rendered":"https:\/\/www.canal-literatura.es\/7certamen\/?page_id=7"},"modified":"2010-05-10T11:27:14","modified_gmt":"2010-05-10T09:27:14","slug":"jurado","status":"publish","type":"page","link":"https:\/\/www.canal-literatura.es\/7certamen\/?page_id=7","title":{"rendered":"Jurado"},"content":{"rendered":"<div class=\"mceTemp mceIEcenter\" style=\"text-align: center;\">\n<dl class=\"wp-caption aligncenter\" style=\"width: 300px;\">\n<dt class=\"wp-caption-dt\"><a href=\"https:\/\/www.canal-literatura.es\/htmltonuke.php?filnavn=Entrevistas\/LauraBorras.html\" target=\"NEW\"><img decoding=\"async\" loading=\"lazy\" title=\"Laura Borr\u00e0s Castanyer\" src=\"https:\/\/www.canal-literatura.es\/Entrevistas\/LauraBorras.jpg\" alt=\"Laura Borr\u00e0s Castanyer&lt;br \/&gt; \" width=\"300\" height=\"380\" \/><\/a><\/dt>\n<dd class=\"wp-caption-dd\">Presidenta del VII Certamen de Narrativa Breve.<\/dd>\n<\/dl>\n<\/div>\n<p style=\"text-align: center;\"><strong>Laura Borr\u00e0s Castanyer<\/strong><br \/>\nProfessora de Teoria de la literatura<br \/>\nDepartamento de Filologia Rom\u00e1nica-Universidad de Barcelona<br \/>\nDirectora Acad\u00e9mica del M\u00e1ster en Literatura en la era digital (UB)<br \/>\n<a href=\"https:\/\/www.canal-literatura.es\/Multimedia\/LauraBorras.wmv\" target=\"_blank\">Pincha aqu\u00ed para ver el videomensaje.<\/a><\/p>\n<div class=\"mceTemp mceIEcenter\" style=\"text-align: center;\">\n<dl class=\"wp-caption aligncenter\" style=\"width: 280px;\">\n<dt class=\"wp-caption-dt\"><a href=\"https:\/\/www.canal-literatura.es\/Ana_Maria%20_Tomas_olivares.html\" target=\"NEW\"><img decoding=\"async\" loading=\"lazy\" title=\"Ana M\u00aa Tom\u00e1s Olivares\" src=\"https:\/\/www.canal-literatura.es\/6certamen\/images\/AnaMTomasOlivares.jpg\" alt=\"https:\/\/www.canal-literatura.es\/6certamen\/images\/AnaMTomasOlivares.jpg\" width=\"270\" height=\"256\" \/><\/a><br \/>\nPoeta y columnista del Diario La verdad.<br \/>\n<strong>Ana M\u00aa Tom\u00e1s Olivares<\/strong><\/dt>\n<\/dl>\n<\/div>\n<p style=\"text-align: center;\"><span>Escritora, poeta y articulista. Licenciada en Filosof\u00eda y Letras. Especialidad en Filolog\u00eda Hisp\u00e1nica.<\/span><\/p>\n<div class=\"mceTemp mceIEcenter\" style=\"text-align: center;\">\n<dl class=\"wp-caption aligncenter\" style=\"width: 210px;\">\n<dt class=\"wp-caption-dt\"><a href=\"https:\/\/www.canal-literatura.es\/Pablo_Perez.html\" target=\"NEW\"><img decoding=\"async\" loading=\"lazy\" class=\" \" title=\"Pau P\u00e9rez L\u00f3pez\" src=\"https:\/\/www.canal-literatura.es\/fotos\/Paup.JPG\" alt=\"Pau P\u00e9rez L\u00f3pez\" width=\"200\" height=\"150\" \/><\/a><\/dt>\n<dd class=\"wp-caption-dd\">Profesor y corrector de textos.<\/dd>\n<\/dl>\n<\/div>\n<p style=\"text-align: center;\"><strong>PauP\u00e9rez L\u00f3pez<\/strong><br \/>\nCo-director de l\u2019Escola <strong><\/strong>d\u2019Escriptura i Humanitats de l\u2019Ateneu Barcelon\u00e8s.<\/p>\n<div class=\"mceTemp mceIEcenter\" style=\"text-align: center;\">\n<dl class=\"wp-caption aligncenter\" style=\"width: 210px;\">\n<dt class=\"wp-caption-dt\"><a href=\"https:\/\/www.canal-literatura.es\/Jose_belmonte_serrano.html\" target=\"NEW\"><img decoding=\"async\" loading=\"lazy\" title=\"Jos\u00e9 Belmonte Serrano\" src=\"https:\/\/www.canal-literatura.es\/Libros\/PepeBelmonte.jpg\" alt=\"Poeta, escritor y director del semanario ABABOL\" width=\"200\" height=\"275\" \/><\/a><\/dt>\n<dd class=\"wp-caption-dd\">Poeta, escritor y director del semanario ABABOL<\/dd>\n<\/dl>\n<\/div>\n<p style=\"text-align: center;\"><strong>Jos\u00e9 Belmonte Serrano<\/strong><\/p>\n<p style=\"text-align: center;\">Profesor de literatura en la Universidad de Murcia y critico literario<br \/>\nel diario \u201cLa Verdad\u201d. Director del Semanario <strong>ABABOL.<\/strong><\/p>\n","protected":false},"excerpt":{"rendered":"<p>Presidenta del VII Certamen de Narrativa Breve. Laura Borr\u00e0s Castanyer Professora de Teoria de la literatura Departamento de Filologia Rom\u00e1nica-Universidad de Barcelona Directora Acad\u00e9mica del M\u00e1ster en Literatura en la era digital (UB) Pincha aqu\u00ed para ver el videomensaje. Poeta y columnista del Diario La verdad. Ana M\u00aa Tom\u00e1s Olivares Escritora, poeta y articulista. Licenciada [&hellip;]<\/p>\n","protected":false},"author":1,"featured_media":0,"parent":0,"menu_order":2,"comment_status":"closed","ping_status":"open","template":"","meta":[],"amp_enabled":true,"_links":{"self":[{"href":"https:\/\/www.canal-literatura.es\/7certamen\/index.php?rest_route=\/wp\/v2\/pages\/7"}],"collection":[{"href":"https:\/\/www.canal-literatura.es\/7certamen\/index.php?rest_route=\/wp\/v2\/pages"}],"about":[{"href":"https:\/\/www.canal-literatura.es\/7certamen\/index.php?rest_route=\/wp\/v2\/types\/page"}],"author":[{"embeddable":true,"href":"https:\/\/www.canal-literatura.es\/7certamen\/index.php?rest_route=\/wp\/v2\/users\/1"}],"replies":[{"embeddable":true,"href":"https:\/\/www.canal-literatura.es\/7certamen\/index.php?rest_route=%2Fwp%2Fv2%2Fcomments&post=7"}],"version-history":[{"count":0,"href":"https:\/\/www.canal-literatura.es\/7certamen\/index.php?rest_route=\/wp\/v2\/pages\/7\/revisions"}],"wp:attachment":[{"href":"https:\/\/www.canal-literatura.es\/7certamen\/index.php?rest_route=%2Fwp%2Fv2%2Fmedia&parent=7"}],"curies":[{"name":"wp","href":"https:\/\/api.w.org\/{rel}","templated":true}]}}