{"id":532,"date":"2011-03-29T14:26:05","date_gmt":"2011-03-29T13:26:05","guid":{"rendered":"https:\/\/www.canal-literatura.es\/7certamen\/premiodamasco\/?page_id=532"},"modified":"2020-06-16T00:04:28","modified_gmt":"2020-06-15T22:04:28","slug":"ganadores","status":"publish","type":"page","link":"https:\/\/www.canal-literatura.es\/7certamen\/premiodamasco\/?page_id=532","title":{"rendered":"Ganadores"},"content":{"rendered":"<p><strong>Fotograf\u00eda<\/strong><br \/>\n<center><div id=\"Manuel\" style=\"width: 310px\" class=\"wp-caption aligncenter\"><a title=\"\u201c\u00a1Oh, jard\u00edn del valle!\u201d.Por Ibn Thader\" href=\"https:\/\/www.canal-literatura.es\/7certamen\/premiodamasco\/?p=374\" target=\"_blank\" rel=\"noopener noreferrer\"><img aria-describedby=\"caption-Manuel\" decoding=\"async\" loading=\"lazy\" title=\"Manuel Brescan\u00e9 Mu\u00f1oz - Ganador Fotograf\u00eda\" src=\"https:\/\/www.canal-literatura.es\/7certamen\/premiodamasco\/ganadores\/ManuelBrescane.jpg\" alt=\"Manuel Brescan\u00e9 Mu\u00f1oz - Ganador Fotograf\u00eda\" width=\"300\" height=\"450\" \/><\/a><p id=\"caption-Manuel\" class=\"wp-caption-text\">Manuel Brescan\u00e9 Mu\u00f1oz - Ganador Fotograf\u00eda<\/p><\/div><br \/>\n<div id=\"Manuel\" style=\"width: 310px\" class=\"wp-caption aligncenter\"><a title=\"\u201c\u00a1Oh, jard\u00edn del valle!\u201d.Por Ibn Thader\" href=\"https:\/\/www.canal-literatura.es\/8certamen\/wp-content\/uploads\/2011\/10\/canal-literatura-103.jpg\" target=\"_blank\" rel=\"noopener noreferrer\"><img aria-describedby=\"caption-Manuel\" decoding=\"async\" loading=\"lazy\" title=\"Manuel Brescan\u00e9 Mu\u00f1oz - Recogiendo el premio\" src=\"https:\/\/www.canal-literatura.es\/7certamen\/premiodamasco\/ganadores\/ManuelBrescane-Premio.jpg\" alt=\"Manuel Brescan\u00e9 Mu\u00f1oz - Recogiendo el premio\" width=\"300\" height=\"350\" \/><\/a><p id=\"caption-Manuel\" class=\"wp-caption-text\">Manuel Brescan\u00e9 Mu\u00f1oz - Recogiendo el premio<\/p><\/div><\/center><\/p>\n<p>La fotograf\u00eda es una de mis aficiones e inquietudes, entre las que tambi\u00e9n destaca la literatura, la monta\u00f1a, la m\u00fasica. Desde muy joven fui ese fot\u00f3grafo de familia al que, incluso los amigos, le ped\u00edan que retratase sus mejores acontecimientos.<br \/>\nEn los \u00faltimos a\u00f1os he combinado la monta\u00f1a con la imagen, interes\u00e1ndome y dedic\u00e1ndome en especial a la fotograf\u00eda de naturaleza, disciplina que practico en solitario, y con mayor frecuencia acompa\u00f1ando a mi grupo senderista Naz\u00edos P\u2019andar. Comenc\u00e9 como fot\u00f3grafo autodidacta, para m\u00e1s adelante ampliar conocimientos en cursos espec\u00edficos que he realizado con Biocyma y Fotonatura.<br \/>\nMi participaci\u00f3n en este Premio Especial \u201cTras las huellas de Ibn Arab\u00ed\u201d ha sido muy gratificante. Me ha brindado la oportunidad de sumergirme en la Murcia medieval y profundizar en la vida y obra de un murciano de sabidur\u00eda y pensamiento excepcional.<br \/>\nAgradezco con sinceridad este galard\u00f3n a Canal Literatura, y les felicito por su contribuci\u00f3n a la permanencia de la memoria de este m\u00edstico suf\u00ed, fil\u00f3sofo, poeta, viajero y sabio universal, conocido tambi\u00e9n como Abenarabi. El maestro m\u00e1s grande (al-Sheij al-Akbar).<\/p>\n<p><strong>Manuel Brecan\u00e9 Mu\u00f1oz (Murcia)<\/strong><\/p>\n<p><strong>Texto<\/strong><\/p>\n<p><center><div id=\"Ana\" style=\"width: 310px\" class=\"wp-caption aligncenter\"><a title=\"18- Ibn. Por Paulina\" href=\"https:\/\/www.canal-literatura.es\/7certamen\/premiodamasco\/?p=266\" target=\"_blank\" rel=\"noopener noreferrer\"><img aria-describedby=\"caption-Ana\" decoding=\"async\" loading=\"lazy\" title=\"Ana M\u00aa Galv\u00e1n Rocha - Ganador texto\" src=\"https:\/\/www.canal-literatura.es\/7certamen\/premiodamasco\/ganadores\/AnaMGalvanRocha.jpg\" alt=\"Ana M\u00aa Galv\u00e1n Rocha - Ganador texto\" width=\"300\" height=\"381\" \/><\/a><p id=\"caption-Ana\" class=\"wp-caption-text\">Ana M\u00aa Galv\u00e1n Rocha - Ganador texto<\/p><\/div><br \/>\n<div id=\"Ana\" style=\"width: 410px\" class=\"wp-caption aligncenter\"><a title=\"18- Ibn. Por Paulina\" href=\"https:\/\/www.canal-literatura.es\/7certamen\/premiodamasco\/ganadores\/AnaMGalvanRocha-Premio-G.jpg\" target=\"_blank\" rel=\"noopener noreferrer\"><img aria-describedby=\"caption-Ana\" decoding=\"async\" loading=\"lazy\" title=\"Ana M\u00aa Galv\u00e1n Rocha - Desde M\u00e9xico - DF\" src=\"https:\/\/www.canal-literatura.es\/7certamen\/premiodamasco\/ganadores\/AnaMGalvanRocha-Premio.jpg\" alt=\"Ana M\u00aa Galv\u00e1n Rocha - Desde M\u00e9xico - DF\" width=\"400\" height=\"300\" \/><\/a><p id=\"caption-Ana\" class=\"wp-caption-text\">Ana M\u00aa Galv\u00e1n Rocha - Desde M\u00e9xico -DF<\/p><\/div><\/center><\/p>\n<p>De un tiempo hacia ac\u00e1, las palabras rondan dentro de mi mente, hace tres a\u00f1os comenc\u00e9 a escribir, aunque lo hice tambi\u00e9n un poco en mi juventud. Con cincuenta y dos a\u00f1os vividos, siempre he considerado que toda edad es buena para iniciar una aventura, y la que ahora escog\u00ed es escribir. M\u00e9dico Veterinario de profesi\u00f3n, no abrac\u00e9 mi carrera al saber que lo mi\u00f3 era la contabilidad. Ahora fui sorprendida con este triunfo que es de todos, as\u00ed hay, para m\u00ed, un momento de espiritualidad:<\/p>\n<p><strong><em>Ibn<\/em><\/strong><em>, fue<strong> N\u00f3mada del camino<\/strong> y un <strong>Eterno enamorado<\/strong>, tuvo entre sus manos <strong>La hora plena<\/strong>,\u00a0 pero tambi\u00e9n\u00a0 <strong>El Poeta se detiene en el camino, <\/strong>en b\u00fasqueda <strong>del Para\u00edso para todos. <\/strong>El<\/em> <em>fil\u00f3sofo poeta va<strong> <\/strong> <strong>Tras las Huellas. <\/strong> <strong>Descendiente de \u00e1rabe<\/strong> y<strong> <\/strong>magn\u00edfico<strong> Hombre de calle. <\/strong> Vio las primeras luces en Murcia y su destino final fue<strong> Damasco;<\/strong> su<strong> Encuentro<\/strong>. <strong>Preguntas<\/strong> surgen en su memoria,<strong> de la Unidad y la Separaci\u00f3n, de la Existencia, <\/strong>fueron las\u00a0palabras<strong> de Ibn Arabi, anciano <\/strong> y a\u00fan cuando fue gran conocedor;<strong> En su alma se puso una luna de tiniebla, <\/strong>el siempre<strong> Cazador <\/strong>del<strong> Verso ap\u00f3crifo\u2026 Y as\u00ed, \u00a0veinte poetas y escritores seguimos los pasos del Maestro.<\/strong><\/em><\/p>\n<p>\u00abEn todo tiempo y lugar de este grandioso mundo han vivido grandes pensadores. As\u00ed, Ibn Arab\u00ed nos llena de gozo cuando hacemos lectura de sus obras. El, como tantos otros, han escrito su ideal y sentir. Hoy como ayer se reviven esas haza\u00f1as en cada hoja de papel escritas por esas manos y ahora por las nuevas. Muchas gracias por este premio, que hoy recibo, a este sencillo poema dedicado a un gran fil\u00f3sofo que fue  n\u00f3mada de su camino.\u00bb <\/p>\n<p>Atentamente<\/p>\n<p><strong>Ana M\u00aa Galv\u00e1n Rocha (M\u00e9xico &#8211;\u00a0DF)<\/strong><\/p>\n<p><center><div id=\"Pedro\" style=\"width: 310px\" class=\"wp-caption aligncenter\"><a title=\"6- El susurro del R\u00edo Blanco. Por Viajero\" href=\"https:\/\/www.canal-literatura.es\/7certamen\/premiodamasco\/?p=144\"><img aria-describedby=\"caption-Pedro\" decoding=\"async\" loading=\"lazy\" title=\"Pedro Jes\u00fas Fern\u00e1ndez Ruiz - Ganador Video\" src=\"https:\/\/www.canal-literatura.es\/7certamen\/premiodamasco\/ganadores\/PedroJesusFernandezRuiz.jpg\" alt=\"Pedro Jes\u00fas Fern\u00e1ndez Ruiz - Ganador Video\" width=\"300\" height=\"300\" \/><\/a><p id=\"caption-Pedro\" class=\"wp-caption-text\">Pedro Jes\u00fas Fern\u00e1ndez Ruiz - Ganador Video<\/p><\/div><\/p>\n<p><div id=\"Pedro\" style=\"width: 410px\" class=\"wp-caption aligncenter\"><a title=\"6- El susurro del R\u00edo Blanco. Por Viajero\" href=\"PedroJesusFernandezRuiz-Premio-G.jpg\"><img aria-describedby=\"caption-Pedro\" decoding=\"async\" loading=\"lazy\" title=\"Pedro Jes\u00fas Fern\u00e1ndez Ruiz - Recogiendo el premio\" src=\"https:\/\/www.canal-literatura.es\/7certamen\/premiodamasco\/ganadores\/PedroJesusFernandezRuiz-Premio.jpg\" alt=\"Pedro Jes\u00fas Fern\u00e1ndez Ruiz - Ganador Video\" width=\"400\" height=\"413\" \/><\/a><p id=\"caption-Pedro\" class=\"wp-caption-text\">Pedro Jes\u00fas Fern\u00e1ndez Ruiz - Recogiendo el premio<\/p><\/div><\/center><\/p>\n<p><strong>Pedro Jes\u00fas Fern\u00e1ndez Ruiz <\/strong>naci\u00f3 hace 25 a\u00f1os en la pedan\u00eda murciana de Aljucer. Es T\u00e9cnico Superior de Telecomunicaciones e Inform\u00e1tica y ha cursado la Diplomatura de Gesti\u00f3n y Administraci\u00f3n P\u00fablica, de la que est\u00e1 terminando sus \u00faltimas asignaturas.<\/p>\n<p>Aficionado al patrimonio, la etnograf\u00eda y la investigaci\u00f3n, ha participado en diversos movimientos asociativos, juveniles y culturales. Actualmente es portavoz de HUERMUR y coordinador del Colectivo Pro-Patrimonio, desde donde realiza diversas actividades de voluntariado, concienciaci\u00f3n y difusi\u00f3n relacionadas con la Huerta de Murcia, su patrimonio y su regad\u00edo tradicional.<\/p>\n<p>Apasionado de la fotograf\u00eda, donde ha ganado alg\u00fan concurso, y tambi\u00e9n de la creaci\u00f3n multimedia y videogr\u00e1fica. Se ha iniciado en el cortometraje documental con esta obra, donde ha contado con la colaboraci\u00f3n de David Navarro como int\u00e9rprete del m\u00edstico suf\u00ed y con Miguel G\u00e1lvez en la narraci\u00f3n y en la parte art\u00edstica. Junto a estos y otros j\u00f3venes, participa en el colectivo <em>inventando.es<\/em> desde donde han realizado varios cortos y obras art\u00edsticas, as\u00ed como participado en diversos proyectos culturales.<\/p>\n<p>De la generaci\u00f3n de j\u00f3venes conectados al mundo digital, se retrata en su web <em>www.murciano.org<\/em> indicando que \u201cintento aportar mi esfuerzo para mejorar la tierra en la que vivo\u201d, hecho que impregna sus diversos proyectos e iniciativas.<\/p>\n<p>Actualmente, adem\u00e1s de en sus proyectos huertanos, se encuentra inmerso en la iniciativa \u201c<em>Murcia Impresa<\/em>\u201d, con la que est\u00e1 promoviendo la recuperaci\u00f3n de la producci\u00f3n impresa recopilando diversos documentos, planos, sellos, grabados y otras impresiones antiguas relacionadas con Murcia, proyecto que ha sido seleccionado en Distrito Art\u00edstico para contar con un local, ubicado en Adarve Plater\u00eda.<\/p>\n<p><strong>Pedro Jes\u00fas Fern\u00e1ndez Ruiz\u00a0 (Murcia)<\/strong><\/p>\n","protected":false},"excerpt":{"rendered":"<p>Fotograf\u00eda La fotograf\u00eda es una de mis aficiones e inquietudes, entre las que tambi\u00e9n destaca la literatura, la monta\u00f1a, la m\u00fasica. Desde muy joven fui ese fot\u00f3grafo de familia al que, incluso los amigos, le ped\u00edan que retratase sus mejores acontecimientos. En los \u00faltimos a\u00f1os he combinado la monta\u00f1a con&#8230;<\/p>\n<p class=\"continue-reading-button\"> <a class=\"continue-reading-link\" href=\"https:\/\/www.canal-literatura.es\/7certamen\/premiodamasco\/?page_id=532\">Leer m\u00e1s<i class=\"crycon-right-dir\"><\/i><\/a><\/p>\n","protected":false},"author":1,"featured_media":0,"parent":0,"menu_order":0,"comment_status":"closed","ping_status":"closed","template":"","meta":[],"amp_enabled":true,"_links":{"self":[{"href":"https:\/\/www.canal-literatura.es\/7certamen\/premiodamasco\/index.php?rest_route=\/wp\/v2\/pages\/532"}],"collection":[{"href":"https:\/\/www.canal-literatura.es\/7certamen\/premiodamasco\/index.php?rest_route=\/wp\/v2\/pages"}],"about":[{"href":"https:\/\/www.canal-literatura.es\/7certamen\/premiodamasco\/index.php?rest_route=\/wp\/v2\/types\/page"}],"author":[{"embeddable":true,"href":"https:\/\/www.canal-literatura.es\/7certamen\/premiodamasco\/index.php?rest_route=\/wp\/v2\/users\/1"}],"replies":[{"embeddable":true,"href":"https:\/\/www.canal-literatura.es\/7certamen\/premiodamasco\/index.php?rest_route=%2Fwp%2Fv2%2Fcomments&post=532"}],"version-history":[{"count":1,"href":"https:\/\/www.canal-literatura.es\/7certamen\/premiodamasco\/index.php?rest_route=\/wp\/v2\/pages\/532\/revisions"}],"predecessor-version":[{"id":788,"href":"https:\/\/www.canal-literatura.es\/7certamen\/premiodamasco\/index.php?rest_route=\/wp\/v2\/pages\/532\/revisions\/788"}],"wp:attachment":[{"href":"https:\/\/www.canal-literatura.es\/7certamen\/premiodamasco\/index.php?rest_route=%2Fwp%2Fv2%2Fmedia&parent=532"}],"curies":[{"name":"wp","href":"https:\/\/api.w.org\/{rel}","templated":true}]}}