{"id":1366,"date":"2011-09-25T13:13:49","date_gmt":"2011-09-25T11:13:49","guid":{"rendered":"http:\/\/www.canal-literatura.es\/8certamen\/?page_id=1366"},"modified":"2018-02-27T13:07:58","modified_gmt":"2018-02-27T11:07:58","slug":"finalistas-del-certamen","status":"publish","type":"page","link":"https:\/\/www.canal-literatura.es\/8certamen\/finalistas-del-certamen\/","title":{"rendered":"Finalistas del certamen"},"content":{"rendered":"<h2 style=\"text-align: center;\"><strong>Blanca Garc\u00eda Malanda<\/strong><\/h2>\n<p style=\"text-align: center;\"><strong><a href=\"https:\/\/www.canal-literatura.es\/8certamen\/?p=1041\" target=\"_blank\" rel=\"noopener\">152- El na\u00fafrago de la memoria. Por Hiedra<br \/>\n<\/a><\/strong><\/p>\n<div style=\"width: 310px\" class=\"wp-caption aligncenter\"><img loading=\"lazy\" decoding=\"async\" title=\"Blanca Garc\u00eda Malanda\" src=\"https:\/\/www.canal-literatura.es\/8certamen\/finalistas\/BlancaGarciaMalanda.jpg\" alt=\"Blanca Garc\u00eda Malanda\" width=\"300\" height=\"200\" \/><p class=\"wp-caption-text\">Blanca Garc\u00eda Malanda (Riva &#8211; Madrid &#8211; Espa\u00f1a)<\/p><\/div>\n<p>Me gusta jugar con las palabras. Ponerlas unas encima de otras y construir historias, como ese juego que ten\u00edamos de peque\u00f1os, aquellas piezas de madera pintadas de colores, con las que hac\u00edamos castillos. Disfruto desde el momento en el que capto una mirada, a veces solo un olor, que desencadena el relato, el rel\u00e1mpago que desata la tormenta. A partir ah\u00ed, mi cabeza se convierte en un vendaval de ideas girando, de puntos, comas y adjetivos. A veces ese momento me pilla delante de un ordenador, pero otras voy de camino del trabajo, o pasando la aspiradora. Y entonces mi vida se desdobla y tengo la suerte de vivir dos veces el mismo tiempo; los minutos sencillos que cuenta el reloj, mientras hago la cena a mis hijos, y los minutos inventados, las historias que nunca vivir\u00e9.<br \/>\nPero todo este proceso solo se cierra si puedes compartirlo. Este certamen, te permite saber si ha funcionado el artificio, si el personaje que has creado se sostiene de pie, si la historia que inventaste, en alg\u00fan punto, hizo contener el aliento. Ha sido un verdadero placer participar en \u00e9l, leer los relatos de los otros escritores, comentarlos\u2026 en fin, compartir esta pasi\u00f3n.<\/p>\n<p>Sobre m\u00ed, no s\u00e9 qu\u00e9 contar. Nac\u00ed hace cuarenta y seis a\u00f1os en San Cebri\u00e1n de Mud\u00e1, un pueblo muy peque\u00f1o de la monta\u00f1a palentina. Vivo en Rivas, una ciudad tambi\u00e9n peque\u00f1a, al lado de la enorme mole de Madrid.<br \/>\nHe intentado escribir una novela, pero solo he conseguido hacer relatos breves, con frases cortas y concisas.<br \/>\nY, bueno, al final he aceptado que todas las cosas, en mi vida, est\u00e1n en proporci\u00f3n a mis 156 cent\u00edmetros de estatura\u2026<\/p>\n<h2 style=\"text-align: center;\"><strong> Ra\u00fal Galache Garc\u00eda <\/strong><\/h2>\n<p style=\"text-align: center;\"><strong><a href=\"https:\/\/www.canal-literatura.es\/8certamen\/?p=722\" target=\"_blank\" rel=\"noopener\">95-Tres colores. Por Gretel <\/a><\/strong><\/p>\n<p>&nbsp;<\/p>\n<div style=\"width: 310px\" class=\"wp-caption aligncenter\"><img loading=\"lazy\" decoding=\"async\" title=\"Ra\u00fal Galache Garc\u00eda\" src=\"https:\/\/www.canal-literatura.es\/8certamen\/finalistas\/RaulGalache.jpg\" alt=\"Ra\u00fal Galache Garc\u00eda\" width=\"300\" height=\"359\" \/><p class=\"wp-caption-text\">Ra\u00fal Galache Garc\u00eda (Madrid &#8211; Espa\u00f1a)<\/p><\/div>\n<p>A m\u00ed no me nacieron en Zamora. No hurt\u00e9 una hija a sus padres ni fui apresado por piratas. No di con mis huesos en la c\u00e1rcel por mofarme de Su Majestad; no he vivido las dos guerras m\u00e1s cruentas que el mundo ha visto ni morir\u00e9 en Par\u00eds con aguacero. No ser\u00e9 nunca, en fin, el autor del Quijote, ni quien destin\u00f3 a la desdicha a Ana Ozores, ni aquel por quien doblaron las campanas tras un disparo seco en el cr\u00e1neo. No quedar\u00e1n de m\u00ed sino cenizas que no s\u00e9 si tendr\u00e1n sentido. Pero, ahora que el aire es nuestro, vivo entre adolescentes que se dejan ense\u00f1ar Literatura m\u00e1s de lo que quisieran. Comparto todo lo dem\u00e1s con mi maga y nuestras dos brujitas. A ellas les robo perlas de su cofre del tiempo para escribir cuentos.<br \/>\nEscribo porque me gustan las palabras, porque la vida a veces coge polvo, porque la infancia ya qued\u00f3 lejos y porque no me gusta la jardiner\u00eda. Lo comparto con quien gusta de leerlo y, gracias a este canal de palabras, tuvo vida \u201cBeatus ille\u201d el a\u00f1o pasado y \u201cGretel\u201d, \u00e9ste. Alg\u00fan relatillo en antolog\u00edas de las que s\u00f3lo leen los autores y sus allegados, otros en revistas, alg\u00fan premio y una novelita para b\u00e1rbaros son caramelos que me gusta saborear despacio. Y poco m\u00e1s, salvo el deseo de seguir mir\u00e1ndome al espejo y pensar que estoy ante el t\u00edo con m\u00e1s suerte que conozco.<\/p>\n<h2 style=\"text-align: center;\"><strong>Sandra Guillam\u00f3n Salso <\/strong><\/h2>\n<p style=\"text-align: center;\"><strong><a title=\"Enlace a 149- Ciento cinco. Por Vyridia\" href=\"https:\/\/www.canal-literatura.es\/8certamen\/?p=1025\" target=\"_blank\" rel=\"bookmark noopener\">149- Ciento cinco. Por Vyridia <\/a><\/strong><\/p>\n<div style=\"width: 260px\" class=\"wp-caption aligncenter\"><img decoding=\"async\" title=\"Sandra Guillam\u00f3n Salso \" src=\"https:\/\/www.canal-literatura.es\/8certamen\/finalistas\/SandraGuillamon.jpg\" alt=\"Sandra Guillam\u00f3n Salso \" width=\"250\" \/><p class=\"wp-caption-text\">Sandra Guillam\u00f3n Salso (Alpedrete.Madrid-Espa\u00f1a)<\/p><\/div>\n<p>Es dif\u00edcil seleccionar retales de una vida que contar, \u00bfqu\u00e9 interesa y qu\u00e9 no? Creo que por ello empezar\u00e9 por lo sencillo, explicar mi participaci\u00f3n en el concurso.<br \/>\nEs la primera vez que env\u00edo algo a un certamen, perd\u00f3n, estoy mintiendo descaradamente, es la segunda vez (la primera experiencia fue con un microrelato). Para m\u00ed ha sido incre\u00edble el ver a tanta gente con un grado de implicaci\u00f3n tan elevado, la ilusi\u00f3n que hace que otras personas te lean e inviertan un poquito de ese bien escaso que es el tiempo en escribirte sus impresiones es algo que recomiendo a todos. Es la mayor recompensa que se le puede dar al trabajo de una persona. Y aprovecho este peque\u00f1o espacio que se me concede para pedir perd\u00f3n por todos aquellos relatos que no he podido leer o comentar.<br \/>\nHa sido, por lo tanto, una experiencia inolvidable que no dudar\u00e9 en repetir el pr\u00f3ximo a\u00f1o si mi cabeza y mis manos me lo permiten, y aunque no tambi\u00e9n.<br \/>\nLa parte dif\u00edcil. Soy una chica, se\u00f1orita, joven o como quieran llamarlo, de veintid\u00f3s a\u00f1os. He vivido, y vivo por el momento, toda mi vida en un peque\u00f1o (aunque cada vez m\u00e1s grande) pueblecito de la sierra de Madrid. Consegu\u00ed escaparme de aqu\u00ed por un a\u00f1o para ir a parar a la encantadora ciudad de Dubl\u00edn, en Irlanda. Estoy en mi \u00faltimo curso de carrera, estudiando Administraci\u00f3n y Direcci\u00f3n de Empresas y Comunicaci\u00f3n Audiovisual.<br \/>\nEsta informaci\u00f3n es de poco inter\u00e9s supongo ya que nada tiene que ver con el mundo literario. Pues bien, desde peque\u00f1a me apasiona la lectura e intento leer todo lo que cae en mi mano (si bien he de confesar tambi\u00e9n que soy capaz de dejarme un libro empezado si no me gusta, un pecado). Creo que siempre he tenido cierto inter\u00e9s por la escritura, el poder relatar a otros lo que pasa por mi cabeza con el fin de que lleguen a sentirse en cierta manera parte de m\u00ed, o yo parte de ellos, todav\u00eda no lo tengo claro. Quiz\u00e1s esa es la raz\u00f3n por la que desde hace poco tiempo he decidido abrir un blog en internet, donde reflejo un poquito de mi vida, de la tuya y de la suya.<br \/>\nA trav\u00e9s de mi pasi\u00f3n por viajar intento aprender nuevas cosas en cada rinc\u00f3n del mundo, e incluso en los m\u00e1s cercanos, exprimir lo que la vida me ofrece y poder hac\u00e9rselo llegar a otros en forma de palabras. Es eso, sin duda, lo que me lleva a la escritura, poder mostrar al mundo c\u00f3mo siento las cosas.<br \/>\nEs por todo esto, la parte f\u00e1cil y la que ha resultado finalmente no tan dif\u00edcil, por lo que me emociona enormemente el haber llegado hasta aqu\u00ed. Hoy me ir\u00e9 a dormir mucho m\u00e1s feliz, sin duda.<\/p>\n<h2 style=\"text-align: center;\">Jos\u00e9 Juan Mart\u00ednez Romero<\/h2>\n<p style=\"text-align: center;\"><strong><a title=\"Enlace a 150- La Plantaci\u00f3n. Por Archibaldo\" href=\"https:\/\/www.canal-literatura.es\/8certamen\/?p=1031\" rel=\"bookmark\">150- La Plantaci\u00f3n. Por Archibaldo <\/a><\/strong><\/p>\n<div style=\"width: 260px\" class=\"wp-caption aligncenter\"><img decoding=\"async\" title=\"Jos\u00e9 Juan Mart\u00ednez Romero\" src=\"https:\/\/www.canal-literatura.es\/8certamen\/finalistas\/JoseJuanMartinez.jpg\" alt=\"Jos\u00e9 Juan Mart\u00ednez Romero\" width=\"250\" \/><p class=\"wp-caption-text\">Jos\u00e9 Juan Mart\u00ednez Romero(Murcia-Espa\u00f1a)<\/p><\/div>\n<p>Nac\u00ed el 24 de Agosto de 1971 en Albacete. Sin prisas. Nueve meses y veintitr\u00e9s d\u00edas. Soy de la generaci\u00f3n de Hanna Barbera, Comando G y Mazinger Z; de las tardes de s\u00e1bado acompa\u00f1ado de Tarz\u00e1n, Robin Hood, la Legi\u00f3n Extranjera (que gran pel\u00edcula Beau Geste) y de alg\u00fan que otro baile con Ginger Rogers. Miope desde los 13 a\u00f1os. Muy miope desde los 25. Estabilizado en la actualidad. Jugador frustrado de baloncesto (escasa estatura y una coordinaci\u00f3n motriz de r\u00edanse ustedes). Algunos dicen que me parezco a Woody Allen y yo les digo que ojal\u00e1 fuese as\u00ed. Maestro de Infantil por vocaci\u00f3n y por oficio. Vivo en Murcia desde hace tres a\u00f1os. Hermosa ciudad y mejor gente.<\/p>\n<p>Lector compulsivo de tebeos desde mi m\u00e1s tierna infancia: Tint\u00edn, Corto Maltes y el Capit\u00e1n Haddock me han acompa\u00f1ado desde que tengo uso de raz\u00f3n (seg\u00fan mi esposa tal cosa sucedi\u00f3 hace poco). De los comics a los libros solo hubo un peque\u00f1o salto. Alejandro Dumas, Emilio Salgari, Arthur Conan Doyle, Joseph Conrad, J.R.R.Tolkien, Ray Bradbury, Arturo P\u00e9rez-Reverte\u2026 Todo cuanto cae en mis manos provoca un estado de excitaci\u00f3n que solo puede ser aplacado una vez le\u00eddo.<\/p>\n<p>De la lectura a la escritura dicen que hay un paso, a m\u00ed me cost\u00f3 por lo menos una docena. Mi historial en este terreno es m\u00e1s bien escaso. Un libro sin acabar, dos cuentos para ni\u00f1os con bellas ilustraciones sin publicar y un par de concursos literarios. Eso s\u00ed, con tan buena fortuna que en uno de ellos he quedado finalista y ha sido en mi tierra de adopci\u00f3n.<\/p>\n<p>Muchas gracias por provocarme otra irrefrenable compulsi\u00f3n que solo puede saciarse escribiendo.<\/p>\n<h2 style=\"text-align: center;\">Ana <strong>Guerberof Arenas<\/strong><\/h2>\n<p style=\"text-align: center;\"><strong><a title=\"Enlace a 176- El zepel\u00edn. Por Flanelle\" href=\"https:\/\/www.canal-literatura.es\/8certamen\/?p=1166\" rel=\"bookmark\">176- El zepel\u00edn. Por Flanelle <\/a><\/strong><\/p>\n<div style=\"width: 260px\" class=\"wp-caption aligncenter\"><a href=\"Ana Guerberof Arenas\"><img loading=\"lazy\" decoding=\"async\" title=\"Ana Guerberof Arenas\" src=\"https:\/\/www.canal-literatura.es\/8certamen\/finalistas\/AnaGuerberof.jpg\" alt=\"Ana Guerberof Arenas\" width=\"250\" height=\"248\" \/><\/a><p class=\"wp-caption-text\">Ana Guerberof Arenas (Barcelona &#8211; Espa\u00f1a)<\/p><\/div>\n<p>&nbsp;<\/p>\n<p>Ana Guerberof Arenas naci\u00f3 en Argentina en 1967 y a los catorce a\u00f1os se traslad\u00f3, con su familia, a vivir a Granada donde estudi\u00f3 Traducci\u00f3n e Interpretaci\u00f3n. Al finalizar la carrera, viaj\u00f3 a Dubl\u00edn donde trabaj\u00f3 de traductora durante diez a\u00f1os. Desde noviembre del 2001 reside en Barcelona donde contin\u00faa trabajando como traductora. Est\u00e1 pr\u00f3xima a finalizar el doctorado y ha publicado diversos art\u00edculos t\u00e9cnicos sobre el tema de su tesis.<br \/>\nHa participado en varios cursos de ficci\u00f3n en el Ateneu barcelon\u00e9s. En el 2008 fue finalista de este mismo certamen con el cuento<a href=\"http:\/\/www.canal-literatura.es\/5certamen\/?p=171#more-171\" target=\"_blank\" rel=\"noopener\"> \u201cLos cangrejos\u201d<\/a> que fue publicado al a\u00f1o siguiente. En 2011 particip\u00f3 en el primer curso internacional de poes\u00eda, Fundamentals of Poetry, organizado por diversas escuelas de escritura de Europa. Desde 2010 publica una cr\u00f3nica mensual en El Observador Prensa libre, un peri\u00f3dico de un pueblo de la provincia de Santa Fe (Argentina) llamado Chab\u00e1s. Acabar\u00e1 su primera novela en 2012.<\/p>\n<h2 style=\"text-align: center;\"><strong>Jos\u00e9 Luis Gonz\u00e1lez Mart\u00ednez<\/strong><\/h2>\n<p style=\"text-align: center;\"><strong><a title=\"Permanent Link to 179- Danza Contempor\u00e1nea. Por Noski\" href=\"https:\/\/www.canal-literatura.es\/8certamen\/?p=1183\" rel=\"bookmark\">179- Danza Contempor\u00e1nea. Por Noski <\/a><\/strong><\/p>\n<div style=\"width: 260px\" class=\"wp-caption aligncenter\"><a href=\"Jos\u00e9 Luis Fern\u00e1ndez Mart\u00ednez \"><img loading=\"lazy\" decoding=\"async\" title=\"Jos\u00e9 Luis Fern\u00e1ndez Mart\u00ednez \" src=\"https:\/\/www.canal-literatura.es\/8certamen\/finalistas\/JoseLuisGonzalez.jpg\" alt=\"Jos\u00e9 Luis Fern\u00e1ndez Mart\u00ednez \" width=\"250\" height=\"285\" \/><\/a><p class=\"wp-caption-text\">Jos\u00e9 Luis Fern\u00e1ndez Mart\u00ednez (San Sebasti\u00e1n &#8211; Espa\u00f1a)<\/p><\/div>\n<p>Nac\u00ed en Donostia (San Sebasti\u00e1n) a orillas del Cant\u00e1brico. Lo de menos es cuando. Lo de m\u00e1s es que llegu\u00e9 a la literatura hace solo dos o tres a\u00f1os. O quiz\u00e1 cuatro. Eso s\u00ed, habiendo le\u00eddo mucho. Aunque casi inevitablemente libros, art\u00edculos o ensayos de sociolog\u00eda, psicolog\u00eda, econom\u00eda y todas las \u201cias\u201d del mundo mezcladas con el noticiero, la tertulia o la asamblea de barrio. Todo en aras de resurgir del desconcierto y lograr cambiar el dial unas pocas rayas a la izquierda.<\/p>\n<p>Pues s\u00ed, tres o cuatro a\u00f1os. Para comenzar a escuchar al viento y a lo inmaterial. Cambiar la ciencia pura por la ci\u00e9naga inquietante. Pasar de la estad\u00edstica previsible a la sensibilidad que escuece como una herida abierta. Y empezar a escribir. Que era lo que realmente siempre hab\u00eda deseado. Comunicar lo que pensaba del Mundo, de los seres que lo habitamos, y del sarc\u00e1stico ritual que, a nada que se empe\u00f1e, har\u00e1 que acabemos por comernos los unos a los otros sin siquiera sazonarnos convenientemente. Pero nadie le\u00eda lo que escrib\u00eda y empec\u00e9 a pensar algo.<\/p>\n<p>Me dec\u00edan que la \u00fanica manera era public\u00e1ndolo, o a trav\u00e9s de cert\u00e1menes. Lo primero me parec\u00eda rid\u00edculo: un tipo con el Realismo M\u00e1gico inacabado, La Metamorfosis y algo m\u00e1s de Kafka a medio digerir, unos retazos de Faulkner, ambig\u00fcedades que casi ni recordaba de Calder\u00f3n de la Barca y Lope de Vega; y que de pronto decide publicar literatura. Y lo segundo, lo de los cert\u00e1menes\u2026, pues siempre rindiendo pleites\u00eda al ganador y haciendo papiroflexia con los dem\u00e1s. Igual te ha faltado el canto un duro para entrar con el tr\u00edo de cabeza, pero no tienes ni idea. As\u00ed que pens\u00e9 en utilizar solo cert\u00e1menes donde aparecieran al menos algunos de los relatos, si no todos, en Internet. Y entonces surgi\u00f3 este certamen que, lo he repetido hasta la saciedad, es lo mejor que tiene. La lectura, el intercambio de opiniones, los consejillos retorcidos, el envidioso que suelta alguna canallada, el \u201centerao\u201d que dice que con un cuartillo era m\u00e1s que suficiente para emborracharse, que el resto debiera haber ido por el agujero del water-closet. En fin, todo eso que hemos hecho con bastante gracia durante estos dos \u00faltimos meses.<\/p>\n<p>Termino porque me temo que me van a cortar. El curr\u00edculum como tal\u2026, pues pobre, c\u00f3mo iba a ser: dos o tres microrelatos (casi asegurar\u00eda que son dos, pero a veces la memoria falla y es mejor engordarla) seleccionados en lo de microrelatos abogados. Y ahora finalista del Certamen de Canal Literatura. \u00bfQu\u00e9, que es poco? Pues a lo mejor s\u00ed. Pero, como dec\u00eda antes, tampoco he rendido al m\u00e1ximo. Y todav\u00eda me quedan a\u00f1os. Adem\u00e1s tiene su contrapeso: dos hijas felizmente casadas (creo que \u00e9stas, como la del relato, tambi\u00e9n con separaci\u00f3n de bienes por si hay que hacer alg\u00fan arreglillo), tres nietas geniales, y un nieto que, con solo cuatro meses, asustar\u00eda a Urtain si a\u00fan estuviera en activo dando mamporros. Bueno, ahora si que cierro y dejo de escribir. Sobre todo porque tengo que cambiar el k\u00e9fir (ese yogur que flirtea con la longevidad), y tengo el ci\u00e1tico que me duele a rabiar, pero que, a pesar de todo, espero me deje estar ah\u00ed el 8 de Octubre. Un abrazo a todos, finalistas y participantes, aunque suene a t\u00f3pico.<\/p>\n<h2 style=\"text-align: center;\"><strong>Bel\u00e9n Solesio L\u00f3pez-Bosch<\/strong><\/h2>\n<p style=\"text-align: center;\"><strong><a title=\"Enlace a 25- Cuando la niebla te envuelve. Por Capit\u00e1n Wentworth\" href=\"https:\/\/www.canal-literatura.es\/8certamen\/?p=294\" rel=\"bookmark\">25- Cuando la niebla te envuelve. Por Capit\u00e1n Wentworth <\/a><\/strong><\/p>\n<div style=\"width: 210px\" class=\"wp-caption aligncenter\"><img loading=\"lazy\" decoding=\"async\" title=\"Bel\u00e9n Solesio L\u00f3pez-Bosch \" src=\"http:\/\/www.canal-literatura.es\/6certamen\/Finalistas\/BelenSolesio.jpg\" alt=\"Bel\u00e9n Solesio L\u00f3pez-Bosch \" width=\"200\" height=\"266\" \/><p class=\"wp-caption-text\">Bel\u00e9n Solesio L\u00f3pez-Bosch (Madrid &#8211; Espa\u00f1a)<\/p><\/div>\n<p>No es la primera vez que participo en este certamen y antes tambi\u00e9n lo hice en el 6\u00ba Certamen de Narrativa Breve y el Pemio Especial \u201cAmor en el tiempo\u201d de la Asociaci\u00f3n Canal literatura en el que qued\u00e9 finalista. Despu\u00e9s de eso han llegado otras alegr\u00edas: finalista en el Certamen de Relato Fergutson de Noviembre de 2009, ganadora del I Certamen de Relato Hist\u00f3rico Fergutson 2010, ganadora tambi\u00e9n de la II Convocatoria de Relatos para parar el mundo 2010 y finalista en algunos otros concursos que han hecho posible que varias de mis obras hayan sido publicadas.<br \/>\nEn cuanto a m\u00ed, puedo contaros que nac\u00ed en Madrid (he olvidado la fecha), que me apasiona leer y que, en estos \u00faltimos a\u00f1os, a fuerza de Talleres de Escritura y de echarle un poco de tiempo, he ido recopilando varios relatos y alguna novela cortita que me hacen sentir muy satisfecha. Me encanta pasar tiempo con mi familia y con mi perra. La adoptamos hace casi un a\u00f1o, pero todav\u00eda no he conseguido que abandone sus h\u00e1bitos de golfillo. Y&#8230; poco m\u00e1s. Me gustar\u00eda poder seguir dedicando parte de mi tiempo a esto que tanto me divierte: escribir.<\/p>\n<h2 style=\"text-align: center;\">Adolfo Agundez Rodr\u00edguez<\/h2>\n<p style=\"text-align: center;\"><strong><a title=\"Permanent Link to 142- Marcos y la se\u00f1orita Cora. Por Whistler\" href=\"https:\/\/www.canal-literatura.es\/8certamen\/?p=989\" rel=\"bookmark\">142- Marcos y la se\u00f1orita Cora. Por Whistler <\/a><\/strong><\/p>\n<div style=\"width: 260px\" class=\"wp-caption aligncenter\"><img loading=\"lazy\" decoding=\"async\" title=\"Adolfo Agundez Rodr\u00edguez\" src=\"https:\/\/www.canal-literatura.es\/8certamen\/finalistas\/AdolfoAgundez.jpg\" alt=\"Adolfo Agundez Rodr\u00edguez\" width=\"250\" height=\"188\" \/><p class=\"wp-caption-text\">Adolfo Agundez Rodr\u00edguez (Sherbrooke &#8211; Canad\u00e1)<\/p><\/div>\n<p>Sexto a\u00f1o que presento un relato a concurso y cuarto que el jurado lo incluye como finalista en su fallo. Dici\u00e9ndolo, espero que no crean que pretendo ni echarme flores como cuentista, ni disminuir (por no ser la primera vez que sucede) la alegr\u00eda al haber recibido hace unos d\u00edas la noticia de que \u201cmi\u201d <em>Marcos y la se\u00f1orita Cora <\/em>(nuestro\/vuestro\/su <em>Marcos y la se\u00f1orita Cora<\/em>) fue bien valorado por dicho jurado. Lo interesante de este caso (que es el m\u00edo), es que los dos a\u00f1os que concurs\u00e9 sin ser finalista lo hice con un cuento reci\u00e9n estrenado, mientras que en las cuatro ocasiones en que s\u00ed lo fui, el relato ya ten\u00eda cierta solera y el ejercicio antes de enviarlo, no por ello menor que el de escribir de nuevas, consisti\u00f3 en corregir, reescribir, reinventar y, tambi\u00e9n en todos los casos, acortar el texto original. \u00a1Voil\u00e1 mi secreto! (sin pretender, en absoluto, hacer de ello un dogma que sirva ni para todos ni siquiera para la mayor\u00eda).<br \/>\nNo voy a dejar pasar esta oportunidad para agradecer p\u00fablicamente a la Fundaci\u00f3n Pierre-Elliott Trudeau el soporte que me ofrece desde hace un a\u00f1o a nivel econ\u00f3mico e intelectual. Siendo su frase insignia la de \u201capoyar esp\u00edritus libres que reflexionan sobre cuestiones esenciales\u201d, no puedo sino sentirme orgulloso de pertenecer a esta comunidad de librepensadores que desde Canad\u00e1 ofrece una ventana abierta hacia el mundo para pensarlo y, al igual que me sucede con los cuentos, corregirlo, reescribirlo, reinventarlo y, por qu\u00e9 no tambi\u00e9n, acortarlo (o decrecerlo, que, para lo que aqu\u00ed se quiere decir, viene a ser lo mismo). Gracias a la Fundaci\u00f3n Trudeau he podido, puedo y podr\u00e9 durante los pr\u00f3ximos dos a\u00f1os, trabajar a tiempo completo en estos menesteres, tanto investigando en el campo de la educaci\u00f3n, como escribiendo art\u00edculos e historias (que, en el fondo, tambi\u00e9n tienen algo de lo mismo). Y esto que digo de la Fundaci\u00f3n Trudeau no se piense que es por dar coba al jefe, dado que, en este caso, el hecho de que la ayuda sea en forma de beca excluye toda posibilidad de ascensos, despidos o prolongaciones de contrato.<br \/>\nEsa ventana abierta al mundo de la que he hablado, tiene una acogedora sucursal en la ciudad de Sherbrooke, en una habitaci\u00f3n con tres muros de cristal desde donde ahora escribo (en el cuarto muro habitan Nikolai, Flannery, Herman, Silvina y el otro Adolfo, Edgar, Guy, Franz, Jorge Lu\u00eds y Gabrielle, entre autres). Desde aqu\u00ed veo, pienso, corrijo, reescribo, reinvento y acorto (o decrezco) ese mundo con optimismo (porque lo soy por naturaleza y vivencia). Desde aqu\u00ed observo mucha belleza. Pero tambi\u00e9n, desde aqu\u00ed mismo, reconozco abundancia de miedos y prisas que son, a mi modo de ver, los dos verdugos (quiz\u00e1 no los \u00fanicos) de la mujer y del hombre de nuestro tiempo. Creo que, cada uno a su manera, ambos impiden al ser humano ser libre y hacer las cosas bien (o, al menos, hacerlas mucho mejor de lo que las hace y puede hacer). Tambi\u00e9n cada uno a su modo, creo que ambos est\u00e1n estrechamente ligados al binomio felicidad-infidelidad. Desde esta ventana abierta al mundo, constato que tanto la libertad, como la felicidad y el buen hacer necesitan menos miedos y m\u00e1s calma, que el mundo de hoy est\u00e1 urgido de Valent\u00eda y Paz. Valent\u00eda para Ser y Paz para trabajar juntos y convivir.<br \/>\nTraducido a mi trabajo como investigador, esto se concretiza en una b\u00fasqueda incansable por crear espacios de reflexi\u00f3n creativa y cr\u00edtica en la escuela (y fuera de ella). Yo lo hago del mejor modo que conozco, empleando el programa educativo de Filosof\u00eda para Ni\u00f1os y Ni\u00f1as. Y lo hago sobre un tema crucial de nuestros d\u00edas: el consumo. Y ahora quiz\u00e1 comprendan mi preocupaci\u00f3n por decrecer el mundo (creo que la parte de verlo, pensarlo, corregirlo, reescribirlo y reinventarlo era m\u00e1s evidente). Lo que descubro al hilo de mi investigaci\u00f3n es que me interesa educar al consumo como forma de educaci\u00f3n pol\u00edtica y de reflexi\u00f3n sobre el decrecimiento y el crecimiento (o el desarrollo) econ\u00f3mico, incluyendo el tildado de sostenible, ya que creo que el decrecimiento econ\u00f3mico puede ser una v\u00eda para el reparto m\u00e1s justo de los bienes que la Tierra nos puede ofrecer sin que se resienta y, a la vez, traer de la mano m\u00e1s calma (y paz) y menos miedos para todos y cada uno de nosotros, es decir, m\u00e1s libertad (sin miedos) y mejores resultados al hacer (con calma y paz) las cosas, as\u00ed como al pensar, corregir, reescribir y reinventar el mundo. Algo as\u00ed entiendo yo por felicidad. O sea que, en definitiva, creo que, al materializarse el decrecimiento econ\u00f3mico en nuestros pa\u00edses ricos, puede abrirse una v\u00eda (quiz\u00e1 \u201cla\u201d v\u00eda) para ese otro tipo de crecimiento (Humano), que tanto parecemos echar de menos en nuestros d\u00edas. El decrecimiento para el crecimiento podr\u00eda llamarse esta historia si lo fuese. Pero, ya ven, como tal no se sostiene ni siquiera en el t\u00edtulo.<br \/>\nY, \u00bfpor qu\u00e9 hablo de todo esto? Porque de todo esto, de miedos, de prisas, y de las soledades y faltas de comprensi\u00f3n y di\u00e1logo que conllevan, es de lo que hablan mis historias, que es, al fin y al cabo, lo importante en este espacio. Desde ah\u00ed tambi\u00e9n se puede leer <em>Marcos y la Se\u00f1orita Cora.<\/em><br \/>\nY lo \u00fanico absolutamente cierto entre tanta palabra, es que, desde esta ventana abierta al mundo, les mando un abrazo, por qu\u00e9 no, valiente y sereno. El abrazo que no podr\u00e9 intercambiar en Murcia por estar demasiado lejos.<br \/>\nAh! Y un agradecimiento especial a Julio, el amigo argentino al que trato como \u00e9l a Glenda, por darme la segunda mitad del t\u00edtulo de mi historia y la inspiraci\u00f3n necesaria para construirla en su aspecto formal.<br \/>\n<em>Excusez-l\u00e0!, <\/em>que dir\u00eda la Bolduc (sirva este gui\u00f1o qu\u00e9b\u00e9cois como final).<\/p>\n<h2 style=\"text-align: center;\"><strong>Marionna Betriu Roure<\/strong><\/h2>\n<p style=\"text-align: center;\"><strong><a title=\"Permanent Link to 182- Encontrar un destino. Por Zelda Moon\" href=\"https:\/\/www.canal-literatura.es\/8certamen\/?p=1198\" rel=\"bookmark\">182- Encontrar un destino. Por Zelda Moon<\/a><\/strong><\/p>\n<div style=\"width: 310px\" class=\"wp-caption aligncenter\"><img loading=\"lazy\" decoding=\"async\" title=\"Marionna Betriu Roure\" src=\"https:\/\/www.canal-literatura.es\/8certamen\/finalistas\/MARION_BETRIU_1.jpg\" alt=\"Marionna Betriu Roure\" width=\"300\" height=\"201\" \/><p class=\"wp-caption-text\">Marionna Betriu Roure (Barcelona &#8211; Espa\u00f1a)<\/p><\/div>\n<p>&nbsp;<\/p>\n<p>Como siempre, me pasa que no s\u00e9 por d\u00f3nde empezar. Tengo veintiocho a\u00f1os, algunas cosas claras aunque otras un tanto enmara\u00f1adas. Tambi\u00e9n algunos miedos que me joden bastante y me producen v\u00e9rtigo si me asomo demasiado. Detesto correr detr\u00e1s del tiempo y disfruto devorando libros y haciendo monta\u00f1as con ellos. Me gusta pensar en otras cosas cuando no toca y no hacer nunca lo que me mandan. Pero lo que m\u00e1s, re\u00edrme hasta caerme de culo al suelo. En mi habitaci\u00f3n, las palabras acostumbran a volar a mi alrededor y, siempre que se dejan, rescato algunas para jugar con ellas. A veces me divierte m\u00e1s explicar las cosas que vivirlas y la gente de mi alrededor anda harta de mis exageraciones. Pero yo no me canso porque ya lo dec\u00eda Machado, que la verdad tambi\u00e9n se inventa. Pienso que las cosas buenas no deber\u00edan terminar nunca y \u00e9sta es mi primera participaci\u00f3n en un certamen literario. Y la verdad es que ha resultado tener la magia y el encanto propio de las primeras veces. Y algo que tengo pendiente es comprar una br\u00fajula y enterarme de una vez por todas de d\u00f3nde diablos est\u00e1 el norte.<\/p>\n<h2 style=\"text-align: center;\">Elena Marqu\u00e9s N\u00fa\u00f1ez<\/h2>\n<p style=\"text-align: center;\"><strong><a title=\"Permanent Link to 97- La soledad del h\u00e9roe. Por C\u00e9firo\" href=\"https:\/\/www.canal-literatura.es\/8certamen\/?p=741\" rel=\"bookmark\">97- La soledad del h\u00e9roe. Por C\u00e9firo <\/a><\/strong><\/p>\n<div style=\"width: 210px\" class=\"wp-caption aligncenter\"><img loading=\"lazy\" decoding=\"async\" title=\"Elena Marqu\u00e9s N\u00fa\u00f1ez \" src=\"https:\/\/www.canal-literatura.es\/8certamen\/finalistas\/ElenaMarques.jpg\" alt=\"Elena Marqu\u00e9s N\u00fa\u00f1ez \" width=\"200\" height=\"273\" \/><p class=\"wp-caption-text\">Elena Marqu\u00e9s N\u00fa\u00f1ez (Sevilla &#8211; Espa\u00f1a)<\/p><\/div>\n<p>Nac\u00ed en Sevilla, estudi\u00e9 Filolog\u00eda Hisp\u00e1nica, fui becaria, trabaj\u00e9 de profesora, saqu\u00e9 unas oposiciones con que vivir, me cas\u00e9, tuve hijos, y desde hace unos dos a\u00f1os me dedico a la escritura, que ha sido mi vocaci\u00f3n desde siempre. En ese tiempo he tenido la suerte de obtener unos cuantos premios y publicar algunas de mis obras. Entre los primeros me gustar\u00eda citar el primer premio del certamen de relato corto \u00abPaso del Estrecho, 2010\u00bb y el segundo en el mismo certamen el a\u00f1o siguiente; el primer premio del XV Certamen Literario \u00abSan Jorge\u00bb, modalidad prosa; la 2.\u00aa Menci\u00f3n honor\u00edfica en el concurso literario Alicia Moreau de Justo; el cuarto puesto en el I Concurso de Relato Corto de Ciencia-Ficci\u00f3n Zonaebook-Luarna Ediciones, el primer premio en el VI Concurso de Relatos Ciudad de Huesca, y el tercero en la V edici\u00f3n de \u00abPoemas sin rostro\u00bb. Entre las segundas citar\u00eda el microrrelato \u00ab\u00c1vila\u00bb, en Miradas y letras en el camino de la Lengua castellana. (Selecci\u00f3n de obras del I Certamen Fotogr\u00e1fico y I Certamen Relato Hiperbreve \u00abCamino de la Lengua Castellana (Le\u00f3n, Fundaci\u00f3n Camino de la Lengua, 2010); \u00abAmor secreto\u00bb, en Dreceres (Barcelona, Debarris, 2010); \u00abCinema Paradiso\u00bb, en El beso (Vigo, Ediciones Carde\u00f1oso, 2010); \u00abCierra las ventanas\u00bb, en Antolog\u00eda del concurso literario internacional \u00abAlicia Moreau de Justo\u00bb, 25 de noviembre: D\u00eda de la no Violencia hacia la Mujer (Argentina, Libros en colectivo, serie Propia palabra, 2010); \u00abP\u00edcaros\u00bb, en Ex Novo. Revista d\u2019Hist\u00f2ria i Humanitats, n.\u00ba 6, 2010; \u00abEl albarquero\u00bb y \u00abQuesos Gomber\u00bb, en Artesan\u00eda comprimida\u201910 (Toledo, Vicepresidencia y Consejer\u00eda de Econom\u00eda y Hacienda de la Junta de Castilla-La Mancha, 2010); varios relatos en diversos libros colectivos publicados por Ediciones Irreverentes (\u00abEl ni\u00f1o de Tinian que jugaba a la guerra sin saberlo\u00bb, \u00abPuesta en com\u00fan\u00bb, \u00abEl \u00faltimo que apague la luz\u00bb, \u00abDel malogrado discurso de don Manuel Troncoso y Fueyo\u00bb, y de pr\u00f3xima aparici\u00f3n \u00abCr\u00edmenes literarios\u00bb, \u00ab42 rue Androuet\u00bb y \u00abAn del sch\u00f6nen blauen\u00bb); \u00abAula Magna\u00bb, en Par\u00e9ntesis (febrero de 2011); \u00abMalena\u00bb, en 3.er Concurso de Microrrelatos Sol Cultural (Santander, 2011); \u00abTleyotl\u00bb, en 10 del 10 del 10. Primer certamen de microrrelatos San Jorge (Le\u00f3n, 2011); \u00abViaje de novios\u00bb, en III Concurso de relatos \u201cDo not disturb\u201d 2010 (Alicante, 2011); \u00abLa desesperaci\u00f3n de do\u00f1a In\u00e9s\u00bb, \u00abEl duelo de las artes (San Millan vs Alcal\u00e1)\u00bb y \u00abHaciendo versos\u00bb, en Miradas y letras II en el Camino de la Lengua castellana, y esta misma tarde he recibido mi \u00faltima publicaci\u00f3n: una colaboraci\u00f3n en la antolog\u00eda po\u00e9tica que ha publicado con mucho cari\u00f1o la plataforma cultural \u00abRa\u00edces de papel\u00bb.<br \/>\nAprovecho para saludar al resto de finalistas y desearles a todos las mejor de las suertes.<\/p>\n","protected":false},"excerpt":{"rendered":"<p>Blanca Garc\u00eda Malanda 152- El na\u00fafrago de la memoria. Por Hiedra Me gusta jugar con las palabras. Ponerlas unas encima de otras y construir historias, como ese juego que ten\u00edamos de peque\u00f1os, aquellas piezas de madera pintadas de colores, con las que hac\u00edamos castillos. Disfruto desde el momento en el [&hellip;]<\/p>\n","protected":false},"author":1,"featured_media":0,"parent":0,"menu_order":5,"comment_status":"open","ping_status":"open","template":"","meta":{"footnotes":""},"class_list":["post-1366","page","type-page","status-publish","hentry"],"amp_enabled":true,"_links":{"self":[{"href":"https:\/\/www.canal-literatura.es\/8certamen\/wp-json\/wp\/v2\/pages\/1366","targetHints":{"allow":["GET"]}}],"collection":[{"href":"https:\/\/www.canal-literatura.es\/8certamen\/wp-json\/wp\/v2\/pages"}],"about":[{"href":"https:\/\/www.canal-literatura.es\/8certamen\/wp-json\/wp\/v2\/types\/page"}],"author":[{"embeddable":true,"href":"https:\/\/www.canal-literatura.es\/8certamen\/wp-json\/wp\/v2\/users\/1"}],"replies":[{"embeddable":true,"href":"https:\/\/www.canal-literatura.es\/8certamen\/wp-json\/wp\/v2\/comments?post=1366"}],"version-history":[{"count":58,"href":"https:\/\/www.canal-literatura.es\/8certamen\/wp-json\/wp\/v2\/pages\/1366\/revisions"}],"predecessor-version":[{"id":1815,"href":"https:\/\/www.canal-literatura.es\/8certamen\/wp-json\/wp\/v2\/pages\/1366\/revisions\/1815"}],"wp:attachment":[{"href":"https:\/\/www.canal-literatura.es\/8certamen\/wp-json\/wp\/v2\/media?parent=1366"}],"curies":[{"name":"wp","href":"https:\/\/api.w.org\/{rel}","templated":true}]}}