{"id":531,"date":"2012-08-06T13:12:23","date_gmt":"2012-08-06T11:12:23","guid":{"rendered":"https:\/\/www.canal-literatura.es\/Apoesia7\/?page_id=531"},"modified":"2012-08-27T21:31:23","modified_gmt":"2012-08-27T19:31:23","slug":"finalistas","status":"publish","type":"page","link":"https:\/\/www.canal-literatura.es\/Apoesia7\/finalistas\/","title":{"rendered":"Finalistas"},"content":{"rendered":"<p style=\"text-align: center;\"><strong>Juan Francisco Ballester Palaz\u00f3n (Madrid-Espa\u00f1a)<\/strong><br \/>\n<a title=\"Enlace permanente a 2- Mientras la soledad. Por Toni Casu\u00e9s\" href=\"https:\/\/www.canal-literatura.es\/Apoesia7\/?p=93\" rel=\"bookmark\">2- Mientras la soledad. Por Toni Casu\u00e9s<\/a><img decoding=\"async\" loading=\"lazy\" class=\"aligncenter\" title=\"Juan Ballester Palaz\u00f3n\" src=\"https:\/\/www.canal-literatura.es\/Apoesia7\/images\/finalistas\/Juan-ballester-Palazon2012.jpg\" alt=\"Juan Ballester Palaz\u00f3n\" width=\"250\" height=\"247\" \/><\/p>\n<p style=\"text-align: justify;\">Tengo la sensaci\u00f3n de que empiezo a ser un cl\u00e1sico en el concurso \u201cPoemas sin rostro\u201d, puesto que es la tercera vez que quedo finalista, aunque la ilusi\u00f3n con que he recibido la noticia es la misma que si fuese la primera vez.<\/p>\n<p style=\"text-align: justify;\">En esta ocasi\u00f3n no voy a aburrir con datos personales ni con premios o reconocimientos obtenidos en otros concursos. S\u00f3lo voy a mencionar, por lo entra\u00f1able del acto y por lo que ello representa, que el a\u00f1o pasado fui nombrado \u201cCaballero poeta\u201d del Canal Literatura, t\u00edtulo honor\u00edfico que a\u00fana m\u00e9ritos literarios y humanos. Si siempre resulta agradable que se valore el trabajo \u2013en este caso literario- llevado a cabo de forma an\u00f3nima durante a\u00f1os, a\u00fan lo es m\u00e1s que se premien los m\u00e9ritos humanos de una persona.<\/p>\n<p style=\"text-align: justify;\">Llegar a finalista de nuevo ya colma todas mis expectativas y culmina el proceso creativo del poema presentado a concurso. Ahora, a disfrutar del momento y a seguir so\u00f1ando. Y que la poes\u00eda y la caballerosidad sigan presentes en cada acto y en cada minuto de mi vida.<\/p>\n<p style=\"text-align: justify;\">Un saludo<br \/>\nJuan Ballester<\/p>\n<p style=\"text-align: center;\"><strong>&#8212;&#8212;&#8212;&#8212;&#8212;-<\/strong><\/p>\n<p style=\"text-align: center;\"><strong>Mar\u00eda Isabel Redondo Hidalgo (Burgos -Espa\u00f1a)<\/strong><br \/>\n<a href=\"https:\/\/www.canal-literatura.es\/Apoesia7\/?p=149\" target=\"_blank\">11- El espejo de la fuente. Por Mart\u00edn Roma\u00f1a<\/a><\/p>\n<p style=\"text-align: justify;\"><strong><img decoding=\"async\" loading=\"lazy\" class=\"aligncenter\" title=\"Mar\u00eda Isabel Redondo Hidalgo\" src=\"https:\/\/www.canal-literatura.es\/Apoesia7\/images\/finalistas\/Isabel-Redondo-Hidalgo.jpg\" alt=\"Mar\u00eda Isabel Redondo Hidalgo\" width=\"250\" height=\"210\" \/><\/strong><\/p>\n<p>Mar\u00eda Isabel Redondo Hidalgo (Valladolid, 1967)<\/p>\n<p style=\"text-align: justify;\">Nac\u00ed en Valladolid hace casi cuarenta y cinco a\u00f1os. Instructora de profesi\u00f3n y de vocaci\u00f3n, esta me ha llevado a ser adoptada sucesivamente por las ciudades de Vigo y de Burgos, donde resido en la actualidad. Tierras tan entra\u00f1ables y tan diferentes, unidas a mis circunstancias personales y a una cierta multidisciplinariedad, me han hecho ser quien soy.<\/p>\n<p style=\"text-align: justify;\">Escribo desde siempre, aunque no muchos textos m\u00edos han visto la luz. Soy autora del libro de poemas <strong><em>De Amores<\/em><\/strong> y coautora de <strong><em>Cuentos del murci\u00e9lago goloso<\/em><\/strong>, <strong><em>Cuentos gamberros<\/em><\/strong> y <strong><em>Tarta de manzana y otros relatos<\/em><\/strong>.<strong><\/strong><\/p>\n<p style=\"text-align: justify;\">Qued\u00e9 finalista en el <strong>I Certamen Letras para So\u00f1ar de Relato fant\u00e1stico<\/strong>, as\u00ed como en el <strong>I Concurso de cuentos Bohod\u00f3n Ediciones. <\/strong>Mi cuento infantil <strong><em>Mam\u00e1 dice que el sol no alimenta<\/em><\/strong> fue seleccionado para el proyecto Cuentos del Dr. Tiritas.<\/p>\n<p style=\"text-align: justify;\">Tambi\u00e9n he publicado algunos textos en la Red, entre ellos cuatro microrrelatos en la <strong><em>Revista Digital miNatura<\/em><\/strong>. Mi blog personal se llama <strong><em>Desde el Valle<\/em><\/strong> (<a href=\"https:\/\/palabrasdesdelvalle.blogspot.com\/\">https:\/\/palabrasdesdelvalle.blogspot.com<\/a>), por si a alguien le apetece pasarse.<\/p>\n<p style=\"text-align: justify;\">Estoy encantada de haber participado en este Certamen, el cual ha sido un privilegio compartir con todos vosotros. Ah, mil gracias por los comentarios y por los votos (sonrisa).<\/p>\n<p style=\"text-align: center;\"><strong>&#8212;&#8212;&#8212;&#8212;&#8212;-<\/strong><\/p>\n<p style=\"text-align: center;\"><strong>Alicia Lily\u00e1n De la Vega Becerril (Atlatlahucan &#8211; M\u00e9xico)<\/strong><br \/>\n<a title=\"Enlace permanente a 14- Cart\u00f3grafo. Por Bruja\" href=\"https:\/\/www.canal-literatura.es\/Apoesia7\/?p=165\" rel=\"bookmark\">14- Cart\u00f3grafo. Por Bruja<\/a><\/p>\n<p style=\"text-align: center;\"><img decoding=\"async\" loading=\"lazy\" class=\"aligncenter\" title=\"Alicia Lily\u00e1n De la Vega Becerril \" src=\"https:\/\/www.canal-literatura.es\/Apoesia7\/images\/finalistas\/Alicia-Lilyan-De-la-Vega-Becerril-2.jpg\" alt=\"Alicia Lily\u00e1n De la Vega Becerril \" width=\"250\" height=\"274\" \/><\/p>\n<p style=\"text-align: justify;\">Mi nombre es Lily\u00e1n de la Vega y vivo en un peque\u00f1o para\u00edso al sur de la Ciudad de M\u00e9xico, pa\u00eds en el que nac\u00ed hace 43 a\u00f1os. Soy mam\u00e1 de Sabina, de 12 a\u00f1os y de Renato, de 5, dos ni\u00f1os que me apoyan con su infinita paciencia para que yo pueda dedicarme a lo que m\u00e1s amo en la vida: escribir.<\/p>\n<p style=\"text-align: justify;\">Estudi\u00e9 Relaciones Internacionales en la Universidad de las Am\u00e9ricas, Puebla e hice varios diplomados en estudios de g\u00e9nero y creaci\u00f3n literaria. Desde el a\u00f1o 2003 soy colaboradora de Plenilunia, una revista de salud integral para la mujer. En ese mismo a\u00f1o escrib\u00ed una columna semanal de opini\u00f3n en el peri\u00f3dico Milenio, de circulaci\u00f3n nacional. En el 2008 cre\u00e9 mi primer blog, Los cuarenta y sus alrededores, para hablar sobre la experiencia de entrar en mi cuarta d\u00e9cada de vida. Tambi\u00e9n ese a\u00f1o, obtuve el tercer lugar en la categor\u00eda de poes\u00eda er\u00f3tica, del Concurso de Poes\u00eda Gioconda Belli, con el poema Collar de plata. A partir de 2010, colaboro como invitada con un poema mensual en The Full Moon Poetry Society, de la publicaci\u00f3n electr\u00f3nica The Trycicle Community.<\/p>\n<p style=\"text-align: justify;\">Este a\u00f1o emprend\u00ed la aventura de incursionar en el g\u00e9nero de la novela: una historia para ni\u00f1as que tiene el objetivo de rescatar la sabidur\u00eda y valent\u00eda de la bruja interior que llevamos dentro y deshacernos de la limitante y dependiente figura de la princesa que tantas historias para ni\u00f1as inculcan como modelo a seguir. Su publicaci\u00f3n en M\u00e9xico est\u00e1 programada para el mes de septiembre por Ediciones B.<\/p>\n<p style=\"text-align: justify;\">La poes\u00eda la descubr\u00ed a muy temprana edad y es mi g\u00e9nero favorito. En el tintero tengo un libro de poes\u00eda er\u00f3tica que estoy editando para buscar su publicaci\u00f3n.<\/p>\n<p style=\"text-align: justify;\">Gracias a Canal Literatura por la convocatoria a este certamen y al jurado por haber seleccionado mi poema como finalista. Un saludo a los dem\u00e1s participantes: es un privilegio compartir con ustedes esta lista.<\/p>\n<p style=\"text-align: center;\"><strong>&#8212;&#8212;&#8212;&#8212;&#8212;-<\/strong><\/p>\n<p style=\"text-align: center;\"><strong>Ram\u00f3n Olivares Granero (Alicante &#8211; Espa\u00f1a)<br \/>\n<a title=\"Enlace permanente a 16-Alquimia. Por Germain\" href=\"https:\/\/www.canal-literatura.es\/Apoesia7\/?p=173\" rel=\"bookmark\">16-Alquimia. Por Germain<\/a><\/strong><\/p>\n<p style=\"text-align: center;\"><strong><img decoding=\"async\" loading=\"lazy\" class=\"aligncenter\" title=\"Ram\u00f3n Olivares Granero\" src=\"https:\/\/canal-literatura.com\/Apoesia7\/images\/finalistas\/Jorge-Salvador-Tercero.jpg\" alt=\"Ram\u00f3n Olivares Granero\" width=\"250\" height=\"188\" \/><\/strong><\/p>\n<p style=\"text-align: justify;\">Como no estoy acostumbrado a hablar sobre m\u00ed ni a estar en las finales, seguramente esta presentaci\u00f3n me va a quedar un tanto chapucera, pero ah\u00ed va el intento:<\/p>\n<p style=\"text-align: justify;\">Me contempla la friolera de medio siglo ya, pero como escritor soy muy joven, s\u00f3lo cuatro a\u00f1os desde que empec\u00e9 a hacerlo en serio. De ni\u00f1o siempre so\u00f1\u00e9 con ser escritor pero nunca cre\u00ed poder serlo, ya saben, esas barreras de la mente que a todos (o la mayor\u00eda) nos acaban por convencer de que los sue\u00f1os son inalcanzables. Un buen d\u00eda de 2008 cay\u00f3 en mis manos el libro \u201cEl Secreto\u201d y a partir de ah\u00ed mi vida cambi\u00f3. No soy todav\u00eda conocido, pero s\u00e9 que alg\u00fan d\u00eda lo ser\u00e9, aunque en realidad no busco el reconocimiento, con escribir y gustarle a mi juez m\u00e1s severo que soy yo mismo, tengo suficiente. De la misma manera, estoy seguro de que todav\u00eda no he escrito mi mejor obra, y en ello es en lo que estoy con la seguridad de que escribir es lo que m\u00e1s me gusta hacer en la vida.<\/p>\n<p style=\"text-align: justify;\">Escribo bajo el pseud\u00f3nimo de Jorge Salvador Tercero, y adem\u00e1s de poes\u00eda \u2013tengo once libros acabados- tambi\u00e9n escribo teatro, narrativa corta, mon\u00f3logos\u2026 un poco de todo, aunque lo que m\u00e1s me gusta es la poes\u00eda.<\/p>\n<p style=\"text-align: justify;\">Y nada m\u00e1s, s\u00f3lo reiterar mi gratitud al jurado y mis mejores deseos para mis compa\u00f1eros finalistas. Ojal\u00e1 finalmente haya entrega de trofeos, ya que recibir un premio de poes\u00eda por correo no me parece nada po\u00e9tico.<\/p>\n<p>Un saludo y hasta pronto.<\/p>\n<p style=\"text-align: center;\">\u00a0<strong>&#8212;&#8212;&#8212;&#8212;&#8212;-<\/strong><\/p>\n<p style=\"text-align: center;\">\u00a0<strong>\u00c1ngel D\u00edez \u00c1lvarez (Barcelona &#8211; Espa\u00f1a)<\/strong><br \/>\n<a title=\"Enlace permanente a 27- Ocasos. Por Poeta de agua y sombras\" href=\"https:\/\/www.canal-literatura.es\/Apoesia7\/?p=231\" rel=\"bookmark\">27- Ocasos. Por Poeta de agua y sombras<\/a><\/p>\n<p><img decoding=\"async\" loading=\"lazy\" class=\"aligncenter\" title=\"\u00c1ngel D\u00edez \u00c1lvarez \" src=\"https:\/\/www.canal-literatura.es\/Apoesia7\/images\/finalistas\/Angel-Diez-Alvarez.jpg\" alt=\"\u00c1ngel D\u00edez \u00c1lvarez \" width=\"250\" height=\"252\" \/><\/p>\n<p style=\"text-align: justify;\">Apreciados Se\u00f1ores:<\/p>\n<p style=\"text-align: justify;\">No es mucho lo que, aqu\u00ed y ahora, puedo decir sobre mi.<\/p>\n<p style=\"text-align: justify;\">Nac\u00ed en Babia (Le\u00f3n). Crec\u00ed y pas\u00e9 los primeros a\u00f1os -esos tan decisivos en la formaci\u00f3n de nuestra personalidad-, rodeado de profundos valles, onduladas praderas, elevadas cimas que parec\u00edan querer tocar el puro azul del cielo.<br \/>\nFui contador de estrellas, de una fascinante V\u00eda L\u00e1ctea, en noches de misterio, hasta quedar dormido sobre los helechos, entre los altos juncos, a la orilla del agua, \u00a1debajo de los sauces!<\/p>\n<p style=\"text-align: justify;\">As\u00ed, en medio de \u00e9ste m\u00e1gico paisaje naci\u00f3 el amor indestructible por la naturaleza, y una parte de mi alma, de mi ser m\u00e1s hondo, se convirti\u00f3 en poeta.<br \/>\nAyudaron, seguramente, algunos genes heredados de un inolvidable Abuelo Materno.<\/p>\n<p style=\"text-align: justify;\">Mis actividades profesionales no tienen relaci\u00f3n con el mundo de la poes\u00eda. Por lo tanto mi formaci\u00f3n en este campo ha sido y es autodidacta.<br \/>\nLa dedicaci\u00f3n, espor\u00e1dica; sin m\u00e1s pretensiones que mantener encendida esa luz. Si acaso dejar que fluyan y se conviertan en palabras: sentimientos, emociones, historias propias, o\u00eddas o so\u00f1adas&#8230; por una vieja, nueva, permanente necesidad vital.<\/p>\n<p style=\"text-align: justify;\">Es la primera vez que me presento a un certamen literario y eso gracias -como sucede a veces en la vida-, a una especial \u00abHada Madrina\u00bb que tenaz me ha animado a salir del silencio.<\/p>\n<p style=\"text-align: justify;\">\u00a1No me arrepiento!<\/p>\n<p style=\"text-align: justify;\">Ha sido una maravillosa y enriquecedora experiencia.<br \/>\nEnv\u00edo, desde aqu\u00ed, las m\u00e1s sinceras gracias a todos los participantes. Mi profunda gratitud, ya para siempre, a los organizadores del certamen.<\/p>\n<p style=\"text-align: justify;\">Quisiera despedirme compartiendo una reflexi\u00f3n que me acompa\u00f1a y ayuda a navegar sobre las olas cambiantes de los d\u00edas, y que he concentrado en peque\u00f1o poema para la ocasi\u00f3n:<\/p>\n<address style=\"padding-left: 150px;\">\u00ab&#8230;De espaldas a la tierra,<br \/>\npor techo el puro cielo,<br \/>\nhemos so\u00f1ado , en una tarde clara,<br \/>\ncon ser Juncos Azules.<\/address>\n<address style=\"padding-left: 150px;\">Firmes las ra\u00edces,<br \/>\nflexible el caminar.<br \/>\nPortadores siempre<br \/>\nde calma y de belleza.\u00bb<\/address>\n<p>Para todos, un abrazo, salud y poes\u00eda.<\/p>\n<p style=\"text-align: center;\"><strong>&#8212;&#8212;&#8212;&#8212;&#8212;-<\/strong><\/p>\n<p style=\"text-align: center;\">\u00a0<strong>Nuria Barea L\u00f3pez (M\u00e1laga &#8211; Espa\u00f1a)<\/strong><br \/>\n<a title=\"Enlace permanente a 39- Sirena roja con azul de beso. Por Ars Domina\" href=\"https:\/\/www.canal-literatura.es\/Apoesia7\/?p=293\" rel=\"bookmark\">39- Sirena roja con azul de beso. Por Ars Domina<\/a><\/p>\n<p style=\"text-align: center;\"><strong><img decoding=\"async\" loading=\"lazy\" class=\"aligncenter\" title=\"Nuria Barea L\u00f3pez\" src=\"https:\/\/canal-literatura.com\/Apoesia7\/images\/finalistas\/Nuria-Barea-Lopez.jpg\" alt=\"Nuria Barea L\u00f3pez\" width=\"250\" height=\"225\" \/><\/strong><\/p>\n<p style=\"text-align: justify;\">Nacida en Barcelona el 17 de enero de 1984.<br \/>\nDesde muy temprana edad mostr\u00f3 su afici\u00f3n por el mundo de las letras, realizando sus primeras obras cuando contaba con la corta edad de 16 a\u00f1os. Desde entonces y hasta hoy ha creado numerosos poemas, prosas po\u00e9ticas y relatos cortos, contando en la actualidad con m\u00e1s de 600 poemas y 80 relatos.<br \/>\nHa publicado 5 obras y una recopilaci\u00f3n de relatos hiperbreves y poemas en p\u00e1ginas web especializadas. Es autora tambi\u00e9n de los 3 ebooks o libros electr\u00f3nicos Parasitaria, Solsticio y Amantis o la belleza tiene cuerpo de mujer, editados en 2003 y 2004 respectivamente. Adem\u00e1s, cuenta con la publicaci\u00f3n en la reconocida revista de creaci\u00f3n literaria Barcarola de sus obras Solsticio, Sin t\u00edtulo II y sentiMIENTO.<br \/>\n\u2022 Semifinalista del concurso de poes\u00eda organizado por Centropo\u00e9tico en el a\u00f1o 2002 con su poema Despu\u00e9s de nada.<br \/>\n\u2022 Semifinalista del concurso de poes\u00eda organizado por Centropo\u00e9tico en el a\u00f1o 2003 con su poema El \u00e1rbol desgarrado.<br \/>\n\u2022 Primer premio del concurso de relato breve organizado por Lobotom\u00eda en el a\u00f1o 2004 con su relato titulado Tempus fugit.<br \/>\n\u2022 Primer premio del XXXII Certamen Po\u00e9tico Ciudad de Archidona, el 7 de agosto del a\u00f1o 2010, con el poema Au revoir.<br \/>\n\u2022 Primer premio del XVII Certamen Local de Poes\u00eda Ciudad de Archidona, el 7 de agosto del a\u00f1o 2010, con el poema Porque el porvenir ya tiene nombre.<br \/>\n\u2022 Tercer premio del II Concurso de Relato Corto \u00abEl mundo del perro\u00bb, el 4 de mayo del a\u00f1o 2012, con el relato corto El diario de Polo.<br \/>\nActualmente reside en Archidona (M\u00e1laga), donde compagina su creaci\u00f3n literaria en el blog https:\/\/lalibretazul.blogspot.com con su trabajo de correctora y dise\u00f1adora editorial.<\/p>\n<p style=\"text-align: center;\">\u00a0<strong>&#8212;&#8212;&#8212;&#8212;&#8212;-<\/strong><\/p>\n<p style=\"text-align: center;\"><strong>Maria Luisa Oliva-Marzo (Zaragoza &#8211; Espa\u00f1a)<\/strong><br \/>\n<a title=\"Enlace permanente a 40-Sirio B. Por Atenea\" href=\"https:\/\/www.canal-literatura.es\/Apoesia7\/?p=297\" rel=\"bookmark\"><span style=\"text-decoration: underline;\">40-Sirio B. Por Atenea<\/span><\/a><br \/>\n<img decoding=\"async\" loading=\"lazy\" class=\"aligncenter\" title=\" Maria Luisa Oliva-Marzo\" src=\"https:\/\/canal-literatura.com\/Apoesia7\/images\/finalistas\/Maria-Luisa-Oliva-Marzo.jpg\" alt=\" Maria Luisa Oliva-Marzo\" width=\"250\" height=\"250\" \/><\/p>\n<p style=\"text-align: justify;\">Mi nombre es MariaLuisa Oliva-Marzo. Nac\u00ed en Le\u00f3n, en el segundo mes del a\u00f1o 1953, bajo el signo de Piscis.<\/p>\n<p style=\"text-align: justify;\">Desde los 6 a\u00f1os, vivo en Zaragoza, en cuya Universidad curs\u00e9 estudios de Filolog\u00eda Hisp\u00e1nica y Francesa. Y en ella trabaj\u00e9 como Bibliotecaria, en la Facultad de Ciencias, hasta mi prematura jubilaci\u00f3n.<\/p>\n<p style=\"text-align: justify;\">Escribo poes\u00eda desde que mi padre me ense\u00f1\u00f3 a leer y escribir, tambi\u00e9n soy \u00e1vida lectora. Amo la metaf\u00edsica, la f\u00edsica, la buena novela, la ciencia-ficci\u00f3n de calidad, y la filosof\u00eda.<\/p>\n<p style=\"text-align: justify;\">No he publicado nunca nada, salvo en alguna revista universitaria. No he ganado ning\u00fan premio, pues jam\u00e1s me present\u00e9 a ninguno.<\/p>\n<p style=\"text-align: justify;\">Amo las palabras y ellas me corresponden manando incontenibles cuando les place.<\/p>\n<p style=\"text-align: justify;\">Por eso no tengo \u201coficio de poeta\u201d, casi nunca corrijo ni releo. El poema nace vivo, o nace muerto. Desde comienzos del presente a\u00f1o publico mi poes\u00eda, con fotos en un blog llamado \u00abUn pez en el cielo\u00bb.<\/p>\n<p style=\"text-align: justify;\">Presentarme a este concurso ha sido una experiencia indescriptible y extraordinariamente hermosa para m\u00ed.<\/p>\n<p style=\"text-align: justify;\">Agradezco al jurado, al p\u00fablico, a todos los que me han escrito y votado, pues no esperaba nada de esto.<\/p>\n<p style=\"text-align: justify;\">Mand\u00e9 mi poema, como una peque\u00f1a barca a cruzar el oc\u00e9ano, y la he visto convertirse en un velero.<br \/>\nGracias<\/p>\n<p style=\"text-align: center;\"><strong>&#8212;&#8212;&#8212;&#8212;&#8212;-<\/strong><\/p>\n<p style=\"text-align: center;\"><strong><strong>Segismundo Fern\u00e1ndez Tiz\u00f3n Orense (Orense &#8211; Espa\u00f1a)\u00a0<\/strong><\/strong><br \/>\n<a title=\"Enlace permanente a 57-Te esperar\u00e9. Por Barbastristes\" href=\"https:\/\/www.canal-literatura.es\/Apoesia7\/?p=372\" rel=\"bookmark\">57-Te esperar\u00e9. Por Barbastristes<\/a><\/p>\n<p style=\"text-align: center;\"><img decoding=\"async\" class=\"aligncenter\" src=\"https:\/\/www.canal-literatura.es\/Apoesia7\/images\/finalistas\/SegismundoFernandez-2.jpg\" alt=\"\" \/><\/p>\n<p style=\"text-align: justify;\"><em>\u00ab&#8230; Revis\u00f3 el enunciado de aquel correo. Le ped\u00edan que se presentase a s\u00ed mismo para un certamen en el que hab\u00eda llegado a finalista, y de nuevo se le abri\u00f3 el suelo bajo los pies, de nuevo se apoder\u00f3 de \u00e9l un v\u00e9rtigo suave que no pod\u00eda evitar. Se tumb\u00f3 sobre la cama, mirando al techo como si fuese una pantalla en la que saldr\u00eda de un momento a otro el perfecto curr\u00edculum, aqu\u00e9l que sab\u00eda bien que no pose\u00eda pero con el que hab\u00eda so\u00f1ado alguna vez, cuando de ni\u00f1o comenzaba a emborronar papeles con sus cosas&#8230; Pero la pantalla permaneci\u00f3 en blanco, y busc\u00f3 en la oscuridad de sus ojos cerrados la f\u00f3rmula m\u00e1gica con la que sorprender\u00eda al lector mientras se excusaba por su virginidad en el terreno de lo literario, de premios y cert\u00e1menes. <\/em><\/p>\n<p style=\"text-align: justify;\"><em>Se vi\u00f3 a s\u00ed mismo en el colegio, con aqu\u00e9l primer amor inocente, y su \u00fanica arma frente al desaf\u00edo. Una hoja en blanco y un boligrafo, inseparables compa\u00f1eros que, a diferencia de la muchacha, no lo abandonaron el resto del camino. As\u00ed fueron testigos de otras decepciones, tragedias y alg\u00fan que otro -sonri\u00f3 al recordarlos- momento alegre. Al principio como algo personal, que no se atrev\u00eda a mostrar al p\u00fablico, y poco a poco -por indicaciones de furtivos lectores de aquellas l\u00edneas de sangre y agua- dejando que los dem\u00e1s supiesen algo m\u00e1s de aqu\u00e9l muchacho callado, t\u00edmido, que s\u00f3lo se ve\u00eda grande cuando se transformaba en letras sobre unos renglones la mayor parte de las veces arrugados, manchados, olvidados en un caj\u00f3n.<\/em><\/p>\n<p style=\"text-align: justify;\"><em>Con los a\u00f1os, la pr\u00e1ctica, y la necesidad de echar lastre del coraz\u00f3n y la mente, los poemas fueron fruto mimado y cuidado, y aunque no dominaba teor\u00edas o t\u00e9cnicas, le gustaba el reto de escribir sobre cosas diversas y -cre\u00eda \u00e9l- originales y nuevas. As\u00ed lleg\u00f3 el valor de creerse igual entre iguales, poeta entre poetas, y dej\u00f3 un t\u00edmido poema en un concurso de un canal visitado por amigos; al a\u00f1o, otro; y otro m\u00e1s&#8230; y de repente se sorprendi\u00f3 a s\u00ed mismo, frente al ordenador, revisando el enunciado de aquel correo en el que le ped\u00edan&#8230; que se presentase a s\u00ed mismo. Y fue de nuevo el v\u00e9rtigo, el suelo abierto bajo sus pies, y sinti\u00f3 ganas de tumbarse sobre la cama, mirando al techo&#8230;\u00bb<\/em><\/p>\n<p style=\"text-align: center;\"><strong>&#8212;&#8212;&#8212;&#8212;&#8212;-<\/strong><\/p>\n<p style=\"text-align: center;\"><strong>Elena Marqu\u00e9s N\u00fa\u00f1ez (Sevilla &#8211; Espa\u00f1a)<\/strong><br \/>\n<a title=\"Enlace permanente a 61- Para m\u00ed las palabras. Por Marco Aurelio\" href=\"https:\/\/www.canal-literatura.es\/Apoesia7\/?p=391\" rel=\"bookmark\">61- Para m\u00ed las palabras. Por Marco Aurelio<\/a><\/p>\n<p><img decoding=\"async\" class=\"aligncenter\" src=\"https:\/\/www.canal-literatura.es\/Apoesia5\/Finalistas\/ElenaMarquesNunez.jpg\" alt=\"\" \/><\/p>\n<p style=\"text-align: center;\"><span style=\"color: #ff0000;\"><strong>&#8212;-\u00a0\u00a0\u00a0 Premio Especial del P\u00fablico\u00a0 &#8212;-<\/strong><\/span><\/p>\n<p style=\"text-align: justify;\">Nac\u00ed en Sevilla, en primavera, hace ya unos cuantos a\u00f1os, y desde siempre he escrito para no tener que hablar. Soy algo t\u00edmida.\u00a0<\/p>\n<p style=\"text-align: justify;\">Eso y mi amor por los libros, y mis estudios de Filolog\u00eda, por qu\u00e9 no decirlo, me llevaron a iniciarme en mi profesi\u00f3n de correctora de textos. Empec\u00e9 como becaria en una peque\u00f1a editorial, y as\u00ed descubr\u00ed que pod\u00eda no solo escribir mis obras, sino mejorar, o intentarlo al menos, las de otros.\u00a0<\/p>\n<p style=\"text-align: justify;\">Ahora trabajo como correctora de textos oficiales, lo que es tremendamente aburrido, con lo cual la necesidad de trazar historias y huir de ese tedio se han acentuado, y con resultados m\u00e1s que satisfactorios, pues, desde que me tom\u00e9 algo m\u00e1s en serio eso de escribir, he ganado algunos concursos (Paso del Estrecho 2010, San Jorge de Madrigueras 2011, Ciudad de Huesca 2011, Palais Concert 2012) y publicado relatos cortos y poemas por buena parte de la geograf\u00eda espa\u00f1ola, e incluso en Hispanoam\u00e9rica, lo que es todo un honor, el ser acogida en una tierra plagada de escritores y de hermosura. \u00a0Adoro a Borges, y a Cort\u00e1zar, aunque este verano los he traicionado y me he dedicado a los franceses. No puedo ser poetisa sin conocer a Baudelaire.\u00a0<\/p>\n<p style=\"text-align: justify;\">Este es el tercer a\u00f1o que participo en los cert\u00e1menes de Canal Literatura, y es un orgullo volver a encontrarme entre esos rostros felices y expectantes. Y, por supuesto, una gran alegr\u00eda que os haya gustado mi trabajo.\u00a0<\/p>\n<p style=\"text-align: justify;\">Siempre dispuesta a colaborar con vosotros y todos esos poetas que empiezan a darse a conocer y tienen tantas cosas que decir, os abraza desde el sur\u00a0<\/p>\n<p>Elena.<\/p>\n<p style=\"text-align: left;\">\u00a0<\/p>\n<p style=\"text-align: center;\"><strong>Emilio Arnaiz L\u00f3pez (Barcelona &#8211; Espa\u00f1a)<\/strong><br \/>\n<a title=\"Enlace permanente a 62- C\u00e1lculo Infinitesimal. Por Ave F\u00e9nix\" href=\"https:\/\/www.canal-literatura.es\/Apoesia7\/?p=394\" rel=\"bookmark\">62- C\u00e1lculo Infinitesimal. Por Ave F\u00e9nix<\/a><\/p>\n<p style=\"text-align: center;\"><strong><img decoding=\"async\" loading=\"lazy\" class=\"aligncenter\" src=\"https:\/\/canal-literatura.com\/Apoesia7\/images\/finalistas\/Emilio-Arnaiz-Lopez.jpg\" alt=\"\" width=\"250\" height=\"262\" \/><\/strong><\/p>\n<p style=\"text-align: justify;\">Soy Ingeniero Industrial y dicen mis amig@s que Poeta, pero trabajo en Recursos Humanos o mejor dicho, con Personas Humanas. Una moneda y la gen\u00e9tica paterna decidi\u00f3 lo primero, la m\u00fasica de un piano y la c\u00e1lida voz materna, lo segundo, \u00bfy lo tercero?, pues resulta que soy sociable, aunque me encanta la Soledad.<br \/>\nCon lo que mi vida es una antag\u00f3nica y por qu\u00e9 no, divertida dualidad. An\u00e1lisis y creatividad, raz\u00f3n y sentimientos, orden y caos, moderaci\u00f3n y trasgresi\u00f3n, deporte y siestas de \u201cpijama y orinal\u201d, castellano viejo y\/i catal\u00e0, mar y monta\u00f1a y todo ello, bien sazonado con una buena dosis de humor. Soy libre pero dar\u00eda y doy mi vida por mis dos queridos hijos, Mar\u00eda y Carlos.<br \/>\nY les cuento esto, pues no quer\u00eda aburrirles con mis premios literarios, entre otras cosas, porque no los tengo. Ahora bien, copas y medallas, las que quieran. Y cajones llenos de papeles garabateados, servilletas, post-its, trozos de sobres y diskettes y CD\u2019s y pendrives\u2026 \u00bfno habr\u00e1 alg\u00fan Mecenas entre los lectores que me puede regalar \u201ctiempo\u201d para convertir ese maravilloso caos en algo legible? \u00a1no se arrepentir\u00e1!. ). He realizado alguna colaboraci\u00f3n, eso s\u00ed, como en una web de bello nombre: \u201cLiteratuya\u201d. \u00a1Ah! y otro importante dato literario: estudi\u00e9 11 a\u00f1os en la clase de al lado de Carlos Ru\u00edz Zaf\u00f3n (\u00a1Carlos, prep\u00e1rate que llega tu sucesor cargado de ilusi\u00f3n y energ\u00eda!).<br \/>\nMe chala tambi\u00e9n el Cine, la M\u00fasica, la Fotograf\u00eda (aqu\u00ed s\u00ed que tengo alg\u00fan premio, de la mano de la poes\u00eda, \u201cHumo de Luna\u201d o \u201cVerde Rama\u201d o \u201cNacieron de la Mar\u201d) y llevo muchos a\u00f1os de Voluntario en mi querida Ingenier\u00eda Sin Fronteras, ONG de cooperaci\u00f3n para el desarrollo, en lucha por un Mundo m\u00e1s Justo.<br \/>\nMe lo he pasado \u201cbomba\u201d en mis dos participaciones en este Certamen, muchas gracias de nuevo a la Organizaci\u00f3n y felicitar a todos los participantes y animaros a que no dej\u00e9is de escribir, ni de \u201cvivir como si fuerais a morir ma\u00f1ana, ni de aprender como si fuerais a vivir siempre\u201d. Afectuoso saludo, Emilio (desde la penumbra, en homenaje a l@s \u201cSin Rostro\u201d).<br \/>\nPD: y mientras estoy escribiendo, llueven cenizas, y la puesta de sol fue la m\u00e1s maravillosa que vi jam\u00e1s, hasta que me enter\u00e9 que ese rojo tan rojo era porque ard\u00eda el bosque, y es que la propia Vida est\u00e1 llena de extra\u00f1as dualidades, tragedia y alegr\u00eda, miedo y pasi\u00f3n, vac\u00edo y piel de gallina. Bienaventurad@s los que consig\u00e1is hacer un c\u00f3ctel de todo ello, energ\u00e9tico, vital y sabros\u00f3n, desechando lo que est\u00e9 en nuestras manos desechar, como la apat\u00eda, el odio o la indiferencia.<\/p>\n<p style=\"text-align: center;\"><strong>&#8212;&#8212;&#8212;&#8212;&#8212;-<\/strong><\/p>\n","protected":false},"excerpt":{"rendered":"<p>Juan Francisco Ballester Palaz\u00f3n (Madrid-Espa\u00f1a) 2- Mientras la soledad. Por Toni Casu\u00e9s Tengo la sensaci\u00f3n de que empiezo a ser un cl\u00e1sico en el concurso \u201cPoemas sin rostro\u201d, puesto que es la tercera vez que quedo finalista, aunque la ilusi\u00f3n &hellip; <a href=\"https:\/\/www.canal-literatura.es\/Apoesia7\/finalistas\/\">Sigue leyendo <span class=\"meta-nav\">&rarr;<\/span><\/a><\/p>\n","protected":false},"author":1,"featured_media":0,"parent":0,"menu_order":0,"comment_status":"open","ping_status":"open","template":"sidebar-page.php","meta":[],"_links":{"self":[{"href":"https:\/\/www.canal-literatura.es\/Apoesia7\/wp-json\/wp\/v2\/pages\/531"}],"collection":[{"href":"https:\/\/www.canal-literatura.es\/Apoesia7\/wp-json\/wp\/v2\/pages"}],"about":[{"href":"https:\/\/www.canal-literatura.es\/Apoesia7\/wp-json\/wp\/v2\/types\/page"}],"author":[{"embeddable":true,"href":"https:\/\/www.canal-literatura.es\/Apoesia7\/wp-json\/wp\/v2\/users\/1"}],"replies":[{"embeddable":true,"href":"https:\/\/www.canal-literatura.es\/Apoesia7\/wp-json\/wp\/v2\/comments?post=531"}],"version-history":[{"count":0,"href":"https:\/\/www.canal-literatura.es\/Apoesia7\/wp-json\/wp\/v2\/pages\/531\/revisions"}],"wp:attachment":[{"href":"https:\/\/www.canal-literatura.es\/Apoesia7\/wp-json\/wp\/v2\/media?parent=531"}],"curies":[{"name":"wp","href":"https:\/\/api.w.org\/{rel}","templated":true}]}}